{"id":1321,"date":"2025-12-04T14:32:43","date_gmt":"2025-12-04T14:32:43","guid":{"rendered":"https:\/\/www.wwwlamagnaneriedecamias.jeki6719.odns.fr\/?page_id=1321"},"modified":"2026-04-14T10:00:31","modified_gmt":"2026-04-14T10:00:31","slug":"le-spa-bien-etre","status":"publish","type":"page","link":"https:\/\/www.lamagnaneriedecamias.com\/fr_fr\/le-spa-bien-etre\/","title":{"rendered":"Le Spa bien-\u00eatre"},"content":{"rendered":"\t\t<div data-elementor-type=\"wp-page\" data-elementor-id=\"1321\" class=\"elementor elementor-1321\">\n\t\t\t\t<div class=\"elementor-element elementor-element-a1f1d2a e-flex e-con-boxed e-con e-parent\" data-id=\"a1f1d2a\" data-element_type=\"container\">\n\t\t\t\t\t<div class=\"e-con-inner\">\n\t\t\t\t<div class=\"elementor-element elementor-element-8007b3d elementor-widget elementor-widget-heading\" data-id=\"8007b3d\" data-element_type=\"widget\" data-widget_type=\"heading.default\">\n\t\t\t\t<div class=\"elementor-widget-container\">\n\t\t\t\t\t<h1 class=\"elementor-heading-title elementor-size-default\">Notre Spa bien-\u00eatre<\/h1>\t\t\t\t<\/div>\n\t\t\t\t<\/div>\n\t\t\t\t\t<\/div>\n\t\t\t\t<\/div>\n\t\t<div class=\"elementor-element elementor-element-7d470ae e-con-full e-flex e-con e-parent\" data-id=\"7d470ae\" data-element_type=\"container\">\n\t\t\t\t<div class=\"elementor-element elementor-element-0ed13b7 elementor-widget__width-initial elementor-widget elementor-widget-text-editor\" data-id=\"0ed13b7\" data-element_type=\"widget\" data-widget_type=\"text-editor.default\">\n\t\t\t\t<div class=\"elementor-widget-container\">\n\t\t\t\t\t\t\t\t\t<p><img fetchpriority=\"high\" decoding=\"async\" class=\"size-medium wp-image-1501 alignright\" src=\"https:\/\/www.lamagnaneriedecamias.com\/wp-content\/uploads\/2025\/12\/IMG_5140-1-225x300.jpg\" alt=\"img 5140\" width=\"225\" height=\"300\" srcset=\"https:\/\/www.lamagnaneriedecamias.com\/wp-content\/uploads\/2025\/12\/IMG_5140-1-225x300.jpg 225w, https:\/\/www.lamagnaneriedecamias.com\/wp-content\/uploads\/2025\/12\/IMG_5140-1-768x1024.jpg 768w, https:\/\/www.lamagnaneriedecamias.com\/wp-content\/uploads\/2025\/12\/IMG_5140-1-1152x1536.jpg 1152w, https:\/\/www.lamagnaneriedecamias.com\/wp-content\/uploads\/2025\/12\/IMG_5140-1-1536x2048.jpg 1536w, https:\/\/www.lamagnaneriedecamias.com\/wp-content\/uploads\/2025\/12\/IMG_5140-1-scaled.jpg 1920w\" sizes=\"(max-width: 225px) 100vw, 225px\" \/><\/p><p>Plongez dans une parenth\u00e8se de bien-\u00eatre dans les C\u00e9vennes avec notre complexe <strong>Spa<\/strong>, enti\u00e8rement privatis\u00e9 rien que pour vous. Laissez-vous envelopper par une atmosph\u00e8re zen au c\u0153ur d&rsquo;un d\u00e9cor min\u00e9ral apaisant.<\/p><p>Profitez d&rsquo;un grand hammam dot\u00e9 de chroma-th\u00e9rapie, d&rsquo;un sauna finlandais traditionnel, et d&rsquo;un bassin chauff\u00e9 creus\u00e9 dans la roche, \u00e9quip\u00e9 d&rsquo;une banquette \u00e0 jets de baln\u00e9oth\u00e9rapie pour une relaxation absolue.<\/p><p>Pour sublimer ce moment de d\u00e9tente, une boisson chaude ou froide vous sera offerte dans notre espace d\u00e9di\u00e9 \u00e0 la relaxation.\u00a0<\/p><p><strong>\u27a1\ufe0f<\/strong><i><strong> Ouverture de mai \u00e0 octobre.<\/strong><\/i>\u00a0<\/p>\t\t\t\t\t\t\t\t<\/div>\n\t\t\t\t<\/div>\n\t\t\t\t<\/div>\n\t\t<div class=\"elementor-element elementor-element-072439e e-con-full e-flex e-con e-parent\" data-id=\"072439e\" data-element_type=\"container\">\n\t\t\t\t<div class=\"elementor-element elementor-element-daa8138 elementor-widget elementor-widget-heading\" data-id=\"daa8138\" data-element_type=\"widget\" data-widget_type=\"heading.default\">\n\t\t\t\t<div class=\"elementor-widget-container\">\n\t\t\t\t\t<h2 class=\"elementor-heading-title elementor-size-default\">Tarif privatisation espace bien-\u00eatre <\/h2>\t\t\t\t<\/div>\n\t\t\t\t<\/div>\n\t\t\t\t<div class=\"elementor-element elementor-element-2273590 elementor-widget elementor-widget-text-editor\" data-id=\"2273590\" data-element_type=\"widget\" data-widget_type=\"text-editor.default\">\n\t\t\t\t<div class=\"elementor-widget-container\">\n\t\t\t\t\t\t\t\t\t<p><img decoding=\"async\" class=\"wp-image-1326 size-medium alignright\" src=\"https:\/\/www.lamagnaneriedecamias.com\/wp-content\/uploads\/2025\/12\/IMG_5128-225x300.jpg\" alt=\"Hammam\" width=\"225\" height=\"300\" srcset=\"https:\/\/www.lamagnaneriedecamias.com\/wp-content\/uploads\/2025\/12\/IMG_5128-225x300.jpg 225w, https:\/\/www.lamagnaneriedecamias.com\/wp-content\/uploads\/2025\/12\/IMG_5128-768x1024.jpg 768w, https:\/\/www.lamagnaneriedecamias.com\/wp-content\/uploads\/2025\/12\/IMG_5128-1152x1536.jpg 1152w, https:\/\/www.lamagnaneriedecamias.com\/wp-content\/uploads\/2025\/12\/IMG_5128-1536x2048.jpg 1536w, https:\/\/www.lamagnaneriedecamias.com\/wp-content\/uploads\/2025\/12\/IMG_5128-scaled.jpg 1920w\" sizes=\"(max-width: 225px) 100vw, 225px\" \/>Vous pouvez privatiser l&rsquo;espace bien-\u00eatre au tarif de <strong>99\u20ac*<\/strong> pour une dur\u00e9e de <strong>2h00<\/strong> <i>(\u00e0 partir de 2 personnes puis 20\u20ac par personne suppl\u00e9mentaire, maximum 6 personnes).<\/i><\/p><p><i>*Les h\u00f4tes de la Magnanerie b\u00e9n\u00e9ficient de <strong>-10%<\/strong> pur toute r\u00e9servation de l&rsquo;espace spa.\u00a0<\/i><\/p><p><strong>Infos et r\u00e9servation par t\u00e9l\u00e9phone au 04 49 07 65 75<\/strong><\/p><p>\ud83c\udf38 Acc\u00e8s vestiaires, douche, toilettes.\u00a0<\/p><p>\ud83c\udf38 Peignoirs, claquettes et collation inclus.\u00a0<\/p>\t\t\t\t\t\t\t\t<\/div>\n\t\t\t\t<\/div>\n\t\t\t\t<div class=\"elementor-element elementor-element-b58df81 elementor-widget elementor-widget-heading\" data-id=\"b58df81\" data-element_type=\"widget\" data-widget_type=\"heading.default\">\n\t\t\t\t<div class=\"elementor-widget-container\">\n\t\t\t\t\t<h2 class=\"elementor-heading-title elementor-size-default\">\ud83c\udf81 Offrez une parenth\u00e8se de bien-\u00eatre<\/h2>\t\t\t\t<\/div>\n\t\t\t\t<\/div>\n\t\t\t\t<\/div>\n\t\t<div class=\"elementor-element elementor-element-db0d468 e-con-full e-flex e-con e-parent\" data-id=\"db0d468\" data-element_type=\"container\">\n\t\t\t\t<div class=\"elementor-element elementor-element-e98249a elementor-widget elementor-widget-text-editor\" data-id=\"e98249a\" data-element_type=\"widget\" data-widget_type=\"text-editor.default\">\n\t\t\t\t<div class=\"elementor-widget-container\">\n\t\t\t\t\t\t\t\t\t<p>Envie de faire plaisir \u00e0 un proche avec un cadeau original, local et ressour\u00e7ant ?<br \/>Nous proposons des <strong>bons cadeaux personnalis\u00e9s<\/strong> pour une ou plusieurs personnes, valables pour un acc\u00e8s privatis\u00e9 au spa pour 2 heures.<\/p><p>Nos bons sont <strong>valables un an<\/strong> et peuvent \u00eatre envoy\u00e9s par mail ou remis en version papier.<br \/>C&rsquo;est une belle id\u00e9e pour un anniversaire, une f\u00eate ou simplement pour dire \u00ab je pense \u00e0 toi \u00bb \ud83e\ude77<\/p><p>\ud83d\udcde Pour commander un bon cadeau, contactez-nous directement au<strong> 04 49 07 65 75<\/strong><br \/>ou par email : <strong>lamagnaneriedecamias@gmail.com<\/strong><\/p>\t\t\t\t\t\t\t\t<\/div>\n\t\t\t\t<\/div>\n\t\t\t\t<div class=\"elementor-element elementor-element-f6bee91 elementor-align-justify elementor-widget elementor-widget-button\" data-id=\"f6bee91\" data-element_type=\"widget\" data-widget_type=\"button.default\">\n\t\t\t\t<div class=\"elementor-widget-container\">\n\t\t\t\t\t\t\t\t\t<div class=\"elementor-button-wrapper\">\n\t\t\t\t\t<a class=\"elementor-button elementor-button-link elementor-size-sm\" href=\"https:\/\/reservation.elloha.com?IdPublication=a9571245-a140-4765-afea-7c271f0e7287&#038;culture=fr-FR&#038;idoi=8d6f7567-1273-4be3-b176-650d6d8414b5&#038;searchFirstAvailableDates=1\">\n\t\t\t\t\t\t<span class=\"elementor-button-content-wrapper\">\n\t\t\t\t\t\t\t\t\t<span class=\"elementor-button-text\">R\u00e9servez votre s\u00e9jour<\/span>\n\t\t\t\t\t<\/span>\n\t\t\t\t\t<\/a>\n\t\t\t\t<\/div>\n\t\t\t\t\t\t\t\t<\/div>\n\t\t\t\t<\/div>\n\t\t\t\t<\/div>\n\t\t\t\t<\/div>\n\t\t\n    <div class=\"xs_social_share_widget xs_share_url after_content \t\tmain_content  wslu-style-1 wslu-share-box-shaped wslu-fill-colored wslu-none wslu-share-horizontal wslu-theme-font-no wslu-main_content\">\n\n\t\t\n        <ul>\n\t\t\t        <\/ul>\n    <\/div> \n","protected":false},"excerpt":{"rendered":"<p>Notre Spa bien-\u00eatre Plongez dans une parenth\u00e8se de bien-\u00eatre dans les C\u00e9vennes avec notre complexe Spa, enti\u00e8rement privatis\u00e9 rien que pour vous. Laissez-vous envelopper par une atmosph\u00e8re zen au c\u0153ur d&rsquo;un d\u00e9cor min\u00e9ral apaisant. Profitez d&rsquo;un grand hammam dot\u00e9 de chroma-th\u00e9rapie, d&rsquo;un sauna finlandais traditionnel, et d&rsquo;un bassin chauff\u00e9 creus\u00e9 dans la roche, \u00e9quip\u00e9 d&rsquo;une [&hellip;]<\/p>\n","protected":false},"author":1,"featured_media":0,"parent":0,"menu_order":0,"comment_status":"closed","ping_status":"closed","template":"","meta":{"site-sidebar-layout":"no-sidebar","site-content-layout":"page-builder","ast-site-content-layout":"full-width-container","site-content-style":"default","site-sidebar-style":"default","ast-global-header-display":"","ast-banner-title-visibility":"disabled","ast-main-header-display":"","ast-hfb-above-header-display":"","ast-hfb-below-header-display":"","ast-hfb-mobile-header-display":"","site-post-title":"","ast-breadcrumbs-content":"","ast-featured-img":"disabled","footer-sml-layout":"","theme-transparent-header-meta":"","adv-header-id-meta":"","stick-header-meta":"","header-above-stick-meta":"","header-main-stick-meta":"","header-below-stick-meta":"","astra-migrate-meta-layouts":"set","ast-page-background-enabled":"default","ast-page-background-meta":{"desktop":{"background-color":"","background-image":"","background-repeat":"repeat","background-position":"center center","background-size":"auto","background-attachment":"scroll","background-type":"","background-media":"","overlay-type":"","overlay-color":"","overlay-opacity":"","overlay-gradient":""},"tablet":{"background-color":"","background-image":"","background-repeat":"repeat","background-position":"center center","background-size":"auto","background-attachment":"scroll","background-type":"","background-media":"","overlay-type":"","overlay-color":"","overlay-opacity":"","overlay-gradient":""},"mobile":{"background-color":"","background-image":"","background-repeat":"repeat","background-position":"center center","background-size":"auto","background-attachment":"scroll","background-type":"","background-media":"","overlay-type":"","overlay-color":"","overlay-opacity":"","overlay-gradient":""}},"ast-content-background-meta":{"desktop":{"background-color":"var(--ast-global-color-5)","background-image":"","background-repeat":"repeat","background-position":"center center","background-size":"auto","background-attachment":"scroll","background-type":"","background-media":"","overlay-type":"","overlay-color":"","overlay-opacity":"","overlay-gradient":""},"tablet":{"background-color":"var(--ast-global-color-5)","background-image":"","background-repeat":"repeat","background-position":"center center","background-size":"auto","background-attachment":"scroll","background-type":"","background-media":"","overlay-type":"","overlay-color":"","overlay-opacity":"","overlay-gradient":""},"mobile":{"background-color":"var(--ast-global-color-5)","background-image":"","background-repeat":"repeat","background-position":"center center","background-size":"auto","background-attachment":"scroll","background-type":"","background-media":"","overlay-type":"","overlay-color":"","overlay-opacity":"","overlay-gradient":""}},"footnotes":""},"class_list":["post-1321","page","type-page","status-publish","hentry"],"yoast_head":"<!-- This site is optimized with the Yoast SEO plugin v26.4 - https:\/\/yoast.com\/wordpress\/plugins\/seo\/ -->\n<title>Spa privatif en C\u00e9vennes \u2013 Hammam, Sauna &amp; Baln\u00e9o<\/title>\n<meta name=\"description\" content=\"Profitez de notre espace bien-\u00eatre privatisable dans les C\u00e9vennes : bassin chauff\u00e9 baln\u00e9o, hammam et sauna. R\u00e9servations au 04 49 07 65 75.\" \/>\n<meta name=\"robots\" content=\"index, follow, max-snippet:-1, max-image-preview:large, max-video-preview:-1\" \/>\n<link rel=\"canonical\" href=\"https:\/\/www.lamagnaneriedecamias.com\/fr_fr\/le-spa-bien-etre\/\" \/>\n<meta property=\"og:locale\" content=\"fr_FR\" \/>\n<meta property=\"og:type\" content=\"article\" \/>\n<meta property=\"og:title\" content=\"Spa privatif en C\u00e9vennes \u2013 Hammam, Sauna &amp; Baln\u00e9o\" \/>\n<meta property=\"og:description\" content=\"Profitez de notre espace bien-\u00eatre privatisable dans les C\u00e9vennes : bassin chauff\u00e9 baln\u00e9o, hammam et sauna. R\u00e9servations au 04 49 07 65 75.\" \/>\n<meta property=\"og:url\" content=\"https:\/\/www.lamagnaneriedecamias.com\/fr_fr\/le-spa-bien-etre\/\" \/>\n<meta property=\"article:modified_time\" content=\"2026-04-14T10:00:31+00:00\" \/>\n<meta property=\"og:image\" content=\"https:\/\/www.lamagnaneriedecamias.com\/wp-content\/uploads\/2025\/12\/IMG_5140-1-scaled.jpg\" \/>\n\t<meta property=\"og:image:width\" content=\"1920\" \/>\n\t<meta property=\"og:image:height\" content=\"2560\" \/>\n\t<meta property=\"og:image:type\" content=\"image\/jpeg\" \/>\n<meta name=\"twitter:card\" content=\"summary_large_image\" \/>\n<meta name=\"twitter:label1\" content=\"Dur\u00e9e de lecture estim\u00e9e\" \/>\n\t<meta name=\"twitter:data1\" content=\"3 minutes\" \/>\n<script type=\"application\/ld+json\" class=\"yoast-schema-graph\">{\"@context\":\"https:\/\/schema.org\",\"@graph\":[{\"@type\":\"WebPage\",\"@id\":\"https:\/\/www.lamagnaneriedecamias.com\/le-spa-bien-etre\/\",\"url\":\"https:\/\/www.lamagnaneriedecamias.com\/le-spa-bien-etre\/\",\"name\":\"Spa privatif en C\u00e9vennes \u2013 Hammam, Sauna & Baln\u00e9o\",\"isPartOf\":{\"@id\":\"https:\/\/www.lamagnaneriedecamias.com\/#website\"},\"primaryImageOfPage\":{\"@id\":\"https:\/\/www.lamagnaneriedecamias.com\/le-spa-bien-etre\/#primaryimage\"},\"image\":{\"@id\":\"https:\/\/www.lamagnaneriedecamias.com\/le-spa-bien-etre\/#primaryimage\"},\"thumbnailUrl\":\"https:\/\/www.lamagnaneriedecamias.com\/wp-content\/uploads\/2025\/12\/IMG_5140-1-225x300.jpg\",\"datePublished\":\"2025-12-04T14:32:43+00:00\",\"dateModified\":\"2026-04-14T10:00:31+00:00\",\"description\":\"Profitez de notre espace bien-\u00eatre privatisable dans les C\u00e9vennes : bassin chauff\u00e9 baln\u00e9o, hammam et sauna. R\u00e9servations au 04 49 07 65 75.\",\"breadcrumb\":{\"@id\":\"https:\/\/www.lamagnaneriedecamias.com\/le-spa-bien-etre\/#breadcrumb\"},\"inLanguage\":\"fr-FR\",\"potentialAction\":[{\"@type\":\"ReadAction\",\"target\":[\"https:\/\/www.lamagnaneriedecamias.com\/le-spa-bien-etre\/\"]}]},{\"@type\":\"ImageObject\",\"inLanguage\":\"fr-FR\",\"@id\":\"https:\/\/www.lamagnaneriedecamias.com\/le-spa-bien-etre\/#primaryimage\",\"url\":\"https:\/\/www.lamagnaneriedecamias.com\/wp-content\/uploads\/2025\/12\/IMG_5140-1-225x300.jpg\",\"contentUrl\":\"https:\/\/www.lamagnaneriedecamias.com\/wp-content\/uploads\/2025\/12\/IMG_5140-1-225x300.jpg\"},{\"@type\":\"BreadcrumbList\",\"@id\":\"https:\/\/www.lamagnaneriedecamias.com\/le-spa-bien-etre\/#breadcrumb\",\"itemListElement\":[{\"@type\":\"ListItem\",\"position\":1,\"name\":\"Accueil\",\"item\":\"https:\/\/www.lamagnaneriedecamias.com\/\"},{\"@type\":\"ListItem\",\"position\":2,\"name\":\"Le Spa bien-\u00eatre\"}]},{\"@type\":\"WebSite\",\"@id\":\"https:\/\/www.lamagnaneriedecamias.com\/#website\",\"url\":\"https:\/\/www.lamagnaneriedecamias.com\/\",\"name\":\"La Magnanerie de Camias\",\"description\":\"Maison d&#039;h\u00f4tes et spa bien-\u00eatre\",\"publisher\":{\"@id\":\"https:\/\/www.lamagnaneriedecamias.com\/#organization\"},\"potentialAction\":[{\"@type\":\"SearchAction\",\"target\":{\"@type\":\"EntryPoint\",\"urlTemplate\":\"https:\/\/www.lamagnaneriedecamias.com\/?s={search_term_string}\"},\"query-input\":{\"@type\":\"PropertyValueSpecification\",\"valueRequired\":true,\"valueName\":\"search_term_string\"}}],\"inLanguage\":\"fr-FR\"},{\"@type\":\"Organization\",\"@id\":\"https:\/\/www.lamagnaneriedecamias.com\/#organization\",\"name\":\"La Magnanerie de Camias\",\"url\":\"https:\/\/www.lamagnaneriedecamias.com\/\",\"logo\":{\"@type\":\"ImageObject\",\"inLanguage\":\"fr-FR\",\"@id\":\"https:\/\/www.lamagnaneriedecamias.com\/#\/schema\/logo\/image\/\",\"url\":\"https:\/\/www.lamagnaneriedecamias.com\/wp-content\/uploads\/2025\/12\/Logo_Magnanerie_de_Camias-removebg-preview.png\",\"contentUrl\":\"https:\/\/www.lamagnaneriedecamias.com\/wp-content\/uploads\/2025\/12\/Logo_Magnanerie_de_Camias-removebg-preview.png\",\"width\":577,\"height\":433,\"caption\":\"La Magnanerie de Camias\"},\"image\":{\"@id\":\"https:\/\/www.lamagnaneriedecamias.com\/#\/schema\/logo\/image\/\"}}]}<\/script>\n<!-- \/ Yoast SEO plugin. -->","yoast_head_json":{"title":"Spa privatif en C\u00e9vennes \u2013 Hammam, Sauna & Baln\u00e9o","description":"Profitez de notre espace bien-\u00eatre privatisable dans les C\u00e9vennes : bassin chauff\u00e9 baln\u00e9o, hammam et sauna. R\u00e9servations au 04 49 07 65 75.","robots":{"index":"index","follow":"follow","max-snippet":"max-snippet:-1","max-image-preview":"max-image-preview:large","max-video-preview":"max-video-preview:-1"},"canonical":"https:\/\/www.lamagnaneriedecamias.com\/fr_fr\/le-spa-bien-etre\/","og_locale":"fr_FR","og_type":"article","og_title":"Spa privatif en C\u00e9vennes \u2013 Hammam, Sauna & Baln\u00e9o","og_description":"Profitez de notre espace bien-\u00eatre privatisable dans les C\u00e9vennes : bassin chauff\u00e9 baln\u00e9o, hammam et sauna. R\u00e9servations au 04 49 07 65 75.","og_url":"https:\/\/www.lamagnaneriedecamias.com\/fr_fr\/le-spa-bien-etre\/","article_modified_time":"2026-04-14T10:00:31+00:00","og_image":[{"width":1920,"height":2560,"url":"https:\/\/www.lamagnaneriedecamias.com\/wp-content\/uploads\/2025\/12\/IMG_5140-1-scaled.jpg","type":"image\/jpeg"}],"twitter_card":"summary_large_image","twitter_misc":{"Dur\u00e9e de lecture estim\u00e9e":"3 minutes"},"schema":{"@context":"https:\/\/schema.org","@graph":[{"@type":"WebPage","@id":"https:\/\/www.lamagnaneriedecamias.com\/le-spa-bien-etre\/","url":"https:\/\/www.lamagnaneriedecamias.com\/le-spa-bien-etre\/","name":"Spa privatif en C\u00e9vennes \u2013 Hammam, Sauna & Baln\u00e9o","isPartOf":{"@id":"https:\/\/www.lamagnaneriedecamias.com\/#website"},"primaryImageOfPage":{"@id":"https:\/\/www.lamagnaneriedecamias.com\/le-spa-bien-etre\/#primaryimage"},"image":{"@id":"https:\/\/www.lamagnaneriedecamias.com\/le-spa-bien-etre\/#primaryimage"},"thumbnailUrl":"https:\/\/www.lamagnaneriedecamias.com\/wp-content\/uploads\/2025\/12\/IMG_5140-1-225x300.jpg","datePublished":"2025-12-04T14:32:43+00:00","dateModified":"2026-04-14T10:00:31+00:00","description":"Profitez de notre espace bien-\u00eatre privatisable dans les C\u00e9vennes : bassin chauff\u00e9 baln\u00e9o, hammam et sauna. R\u00e9servations au 04 49 07 65 75.","breadcrumb":{"@id":"https:\/\/www.lamagnaneriedecamias.com\/le-spa-bien-etre\/#breadcrumb"},"inLanguage":"fr-FR","potentialAction":[{"@type":"ReadAction","target":["https:\/\/www.lamagnaneriedecamias.com\/le-spa-bien-etre\/"]}]},{"@type":"ImageObject","inLanguage":"fr-FR","@id":"https:\/\/www.lamagnaneriedecamias.com\/le-spa-bien-etre\/#primaryimage","url":"https:\/\/www.lamagnaneriedecamias.com\/wp-content\/uploads\/2025\/12\/IMG_5140-1-225x300.jpg","contentUrl":"https:\/\/www.lamagnaneriedecamias.com\/wp-content\/uploads\/2025\/12\/IMG_5140-1-225x300.jpg"},{"@type":"BreadcrumbList","@id":"https:\/\/www.lamagnaneriedecamias.com\/le-spa-bien-etre\/#breadcrumb","itemListElement":[{"@type":"ListItem","position":1,"name":"Accueil","item":"https:\/\/www.lamagnaneriedecamias.com\/"},{"@type":"ListItem","position":2,"name":"Le Spa bien-\u00eatre"}]},{"@type":"WebSite","@id":"https:\/\/www.lamagnaneriedecamias.com\/#website","url":"https:\/\/www.lamagnaneriedecamias.com\/","name":"La Magnanerie de Camias","description":"Maison d&#039;h\u00f4tes et spa bien-\u00eatre","publisher":{"@id":"https:\/\/www.lamagnaneriedecamias.com\/#organization"},"potentialAction":[{"@type":"SearchAction","target":{"@type":"EntryPoint","urlTemplate":"https:\/\/www.lamagnaneriedecamias.com\/?s={search_term_string}"},"query-input":{"@type":"PropertyValueSpecification","valueRequired":true,"valueName":"search_term_string"}}],"inLanguage":"fr-FR"},{"@type":"Organization","@id":"https:\/\/www.lamagnaneriedecamias.com\/#organization","name":"La Magnanerie de Camias","url":"https:\/\/www.lamagnaneriedecamias.com\/","logo":{"@type":"ImageObject","inLanguage":"fr-FR","@id":"https:\/\/www.lamagnaneriedecamias.com\/#\/schema\/logo\/image\/","url":"https:\/\/www.lamagnaneriedecamias.com\/wp-content\/uploads\/2025\/12\/Logo_Magnanerie_de_Camias-removebg-preview.png","contentUrl":"https:\/\/www.lamagnaneriedecamias.com\/wp-content\/uploads\/2025\/12\/Logo_Magnanerie_de_Camias-removebg-preview.png","width":577,"height":433,"caption":"La Magnanerie de Camias"},"image":{"@id":"https:\/\/www.lamagnaneriedecamias.com\/#\/schema\/logo\/image\/"}}]}},"_links":{"self":[{"href":"https:\/\/www.lamagnaneriedecamias.com\/fr_fr\/wp-json\/wp\/v2\/pages\/1321","targetHints":{"allow":["GET"]}}],"collection":[{"href":"https:\/\/www.lamagnaneriedecamias.com\/fr_fr\/wp-json\/wp\/v2\/pages"}],"about":[{"href":"https:\/\/www.lamagnaneriedecamias.com\/fr_fr\/wp-json\/wp\/v2\/types\/page"}],"author":[{"embeddable":true,"href":"https:\/\/www.lamagnaneriedecamias.com\/fr_fr\/wp-json\/wp\/v2\/users\/1"}],"replies":[{"embeddable":true,"href":"https:\/\/www.lamagnaneriedecamias.com\/fr_fr\/wp-json\/wp\/v2\/comments?post=1321"}],"version-history":[{"count":26,"href":"https:\/\/www.lamagnaneriedecamias.com\/fr_fr\/wp-json\/wp\/v2\/pages\/1321\/revisions"}],"predecessor-version":[{"id":1981,"href":"https:\/\/www.lamagnaneriedecamias.com\/fr_fr\/wp-json\/wp\/v2\/pages\/1321\/revisions\/1981"}],"wp:attachment":[{"href":"https:\/\/www.lamagnaneriedecamias.com\/fr_fr\/wp-json\/wp\/v2\/media?parent=1321"}],"curies":[{"name":"wp","href":"https:\/\/api.w.org\/{rel}","templated":true}]}}