{"id":1331,"date":"2025-12-04T14:49:35","date_gmt":"2025-12-04T14:49:35","guid":{"rendered":"https:\/\/www.wwwlamagnaneriedecamias.jeki6719.odns.fr\/?page_id=1331"},"modified":"2026-04-14T10:10:39","modified_gmt":"2026-04-14T10:10:39","slug":"pour-le-diner","status":"publish","type":"page","link":"https:\/\/www.lamagnaneriedecamias.com\/fr_fr\/pour-le-diner\/","title":{"rendered":"Notre table d&rsquo;h\u00f4tes"},"content":{"rendered":"\t\t<div data-elementor-type=\"wp-page\" data-elementor-id=\"1331\" class=\"elementor elementor-1331\">\n\t\t\t\t<div class=\"elementor-element elementor-element-2d8199e e-flex e-con-boxed e-con e-parent\" data-id=\"2d8199e\" data-element_type=\"container\" data-settings=\"{&quot;background_background&quot;:&quot;classic&quot;}\">\n\t\t\t\t\t<div class=\"e-con-inner\">\n\t\t\t\t<div class=\"elementor-element elementor-element-12cd12a elementor-widget elementor-widget-heading\" data-id=\"12cd12a\" data-element_type=\"widget\" data-widget_type=\"heading.default\">\n\t\t\t\t<div class=\"elementor-widget-container\">\n\t\t\t\t\t<h1 class=\"elementor-heading-title elementor-size-default\">Notre table d'h\u00f4tes<\/h1>\t\t\t\t<\/div>\n\t\t\t\t<\/div>\n\t\t\t\t<div class=\"elementor-element elementor-element-9e04a6a elementor-widget__width-initial elementor-widget elementor-widget-image\" data-id=\"9e04a6a\" data-element_type=\"widget\" data-widget_type=\"image.default\">\n\t\t\t\t<div class=\"elementor-widget-container\">\n\t\t\t\t\t\t\t\t\t\t\t\t\t\t\t<img fetchpriority=\"high\" decoding=\"async\" width=\"768\" height=\"768\" src=\"https:\/\/www.lamagnaneriedecamias.com\/wp-content\/uploads\/2025\/12\/diner4-768x768.jpg\" class=\"attachment-medium_large size-medium_large wp-image-1349\" alt=\"D\u00eener table d&#039;h\u00f4tes dans les C\u00e9vennes\" srcset=\"https:\/\/www.lamagnaneriedecamias.com\/wp-content\/uploads\/2025\/12\/diner4-768x768.jpg 768w, https:\/\/www.lamagnaneriedecamias.com\/wp-content\/uploads\/2025\/12\/diner4-300x300.jpg 300w, https:\/\/www.lamagnaneriedecamias.com\/wp-content\/uploads\/2025\/12\/diner4-1024x1024.jpg 1024w, https:\/\/www.lamagnaneriedecamias.com\/wp-content\/uploads\/2025\/12\/diner4-150x150.jpg 150w, https:\/\/www.lamagnaneriedecamias.com\/wp-content\/uploads\/2025\/12\/diner4.jpg 1080w\" sizes=\"(max-width: 768px) 100vw, 768px\" \/>\t\t\t\t\t\t\t\t\t\t\t\t\t\t\t<\/div>\n\t\t\t\t<\/div>\n\t\t\t\t<div class=\"elementor-element elementor-element-c061b18 elementor-widget elementor-widget-text-editor\" data-id=\"c061b18\" data-element_type=\"widget\" data-widget_type=\"text-editor.default\">\n\t\t\t\t<div class=\"elementor-widget-container\">\n\t\t\t\t\t\t\t\t\t<h4><strong>Partagez un moment gourmand \u00e0 La Magnanerie !<\/strong><\/h4><p>Pour compl\u00e9ter votre s\u00e9jour \u00e0 la Magnanerie, nous vous proposons un d\u00eener gourmand avec au choix :\u00a0<\/p><p>\ud83c\udf55 <strong>Pizza maison<\/strong><br \/>Pr\u00e9par\u00e9e par nos soins et garnie de produits de saison.<br \/><strong>Tarif : 21\u20ac\u00a0<\/strong> (\u00e0 partager&#8230; ou pas !)<\/p><hr \/><p>\ud83c\udf3f <strong>Cassolette c\u00e9venole<\/strong> : P\u00e9lardon r\u00f4ti aux oignons doux des C\u00e9vennes et au miel de ch\u00e2taigner \u00a0servi avec du pain grill\u00e9, de la salade et de la charcuterie\u00a0<strong>\u00a0<\/strong><\/p><p><strong>Tarif : 19\u20ac\u00a0<\/strong><\/p><hr \/><p>\ud83e\udd58 <strong>Aubergines alla Parmigiana \u2013 recette italienne revisit\u00e9e\u2028<\/strong><\/p><p>Des aubergines fondantes gratin\u00e9es au four, parfum\u00e9es aux herbes et au parmesan.\u2028<\/p><p>\ud83d\udc49 Deux d\u00e9clinaisons au choix :\u2028Version avec viande (b\u0153uf mijot\u00e9 aux herbes de Provence)<br \/>Version v\u00e9g\u00e9tarienne (hach\u00e9 v\u00e9g\u00e9tal bio)\u00a0<br \/>Chaque plat est accompagn\u00e9 de riz et de salade.<br \/><strong>Tarif : 18\u20ac\u00a0<\/strong><\/p><hr \/><p><strong>\ud83c\udf68 Fromage et desserts<\/strong><br \/>P\u00e9lardon au miel : 5\u20ac<br \/>Dessert du jour : 6\u20ac<br \/>Glaces : 2\u20ac<\/p><p>\ud83c\udf77 Des vins r\u00e9gionaux, cocktails et autres boissons sont \u00e9galement disponibles pour accompagner votre repas.<\/p><p>\u2028Pensez \u00e0 <strong>r\u00e9server votre d\u00eener \u00e0 l&rsquo;avance<\/strong> pour garantir la disponibilit\u00e9 des produits !\u00a0<\/p>\t\t\t\t\t\t\t\t<\/div>\n\t\t\t\t<\/div>\n\t\t\t\t\t<\/div>\n\t\t\t\t<\/div>\n\t\t<div class=\"elementor-element elementor-element-c807a44 e-flex e-con-boxed e-con e-parent\" data-id=\"c807a44\" data-element_type=\"container\">\n\t\t\t\t\t<div class=\"e-con-inner\">\n\t\t\t\t<div class=\"elementor-element elementor-element-a6582b1 elementor-align-center elementor-widget elementor-widget-button\" data-id=\"a6582b1\" data-element_type=\"widget\" data-widget_type=\"button.default\">\n\t\t\t\t<div class=\"elementor-widget-container\">\n\t\t\t\t\t\t\t\t\t<div class=\"elementor-button-wrapper\">\n\t\t\t\t\t<a class=\"elementor-button elementor-button-link elementor-size-sm\" href=\"https:\/\/www.lamagnaneriedecamias.com\/le-spa-bien-etre\/\">\n\t\t\t\t\t\t<span class=\"elementor-button-content-wrapper\">\n\t\t\t\t\t\t\t\t\t<span class=\"elementor-button-text\">d\u00e9couvrez notre espace spa bien-\u00eatre<\/span>\n\t\t\t\t\t<\/span>\n\t\t\t\t\t<\/a>\n\t\t\t\t<\/div>\n\t\t\t\t\t\t\t\t<\/div>\n\t\t\t\t<\/div>\n\t\t\t\t<div class=\"elementor-element elementor-element-268fa58 elementor-widget__width-initial elementor-widget elementor-widget-text-editor\" data-id=\"268fa58\" data-element_type=\"widget\" data-widget_type=\"text-editor.default\">\n\t\t\t\t<div class=\"elementor-widget-container\">\n\t\t\t\t\t\t\t\t\t<p>Dans notre cuisine, nous utilisons au maximum des produits locaux, de saison et bio. La plupart de nos produits c\u00e9venols proviennent directement de la coop\u00e9rative Origine C\u00e9vennes, situ\u00e9e \u00e0 10 minutes de chez nous. Nous achetons nos fruits et l\u00e9gumes au march\u00e9 ou au Gr\u00e9 des Saisons, la boutique paysanne de Ganges.<\/p>\t\t\t\t\t\t\t\t<\/div>\n\t\t\t\t<\/div>\n\t\t\t\t<div class=\"elementor-element elementor-element-d88f768 elementor-widget elementor-widget-button\" data-id=\"d88f768\" data-element_type=\"widget\" data-widget_type=\"button.default\">\n\t\t\t\t<div class=\"elementor-widget-container\">\n\t\t\t\t\t\t\t\t\t<div class=\"elementor-button-wrapper\">\n\t\t\t\t\t<a class=\"elementor-button elementor-button-link elementor-size-sm\" href=\"#\">\n\t\t\t\t\t\t<span class=\"elementor-button-content-wrapper\">\n\t\t\t\t\t\t\t\t\t<span class=\"elementor-button-text\">Repartez avec des produits locaux<\/span>\n\t\t\t\t\t<\/span>\n\t\t\t\t\t<\/a>\n\t\t\t\t<\/div>\n\t\t\t\t\t\t\t\t<\/div>\n\t\t\t\t<\/div>\n\t\t\t\t\t<\/div>\n\t\t\t\t<\/div>\n\t\t\t\t<\/div>\n\t\t\n    <div class=\"xs_social_share_widget xs_share_url after_content \t\tmain_content  wslu-style-1 wslu-share-box-shaped wslu-fill-colored wslu-none wslu-share-horizontal wslu-theme-font-no wslu-main_content\">\n\n\t\t\n        <ul>\n\t\t\t        <\/ul>\n    <\/div> \n","protected":false},"excerpt":{"rendered":"<p>Notre table d&rsquo;h\u00f4tes Partagez un moment gourmand \u00e0 La Magnanerie ! Pour compl\u00e9ter votre s\u00e9jour \u00e0 la Magnanerie, nous vous proposons un d\u00eener gourmand avec au choix :\u00a0 \ud83c\udf55 Pizza maisonPr\u00e9par\u00e9e par nos soins et garnie de produits de saison.Tarif : 21\u20ac\u00a0 (\u00e0 partager&#8230; ou pas !) \ud83c\udf3f Cassolette c\u00e9venole : P\u00e9lardon r\u00f4ti aux oignons [&hellip;]<\/p>\n","protected":false},"author":1,"featured_media":1349,"parent":0,"menu_order":0,"comment_status":"closed","ping_status":"closed","template":"","meta":{"site-sidebar-layout":"no-sidebar","site-content-layout":"page-builder","ast-site-content-layout":"full-width-container","site-content-style":"default","site-sidebar-style":"default","ast-global-header-display":"","ast-banner-title-visibility":"disabled","ast-main-header-display":"","ast-hfb-above-header-display":"","ast-hfb-below-header-display":"","ast-hfb-mobile-header-display":"","site-post-title":"","ast-breadcrumbs-content":"","ast-featured-img":"disabled","footer-sml-layout":"","theme-transparent-header-meta":"","adv-header-id-meta":"","stick-header-meta":"","header-above-stick-meta":"","header-main-stick-meta":"","header-below-stick-meta":"","astra-migrate-meta-layouts":"set","ast-page-background-enabled":"default","ast-page-background-meta":{"desktop":{"background-color":"","background-image":"","background-repeat":"repeat","background-position":"center center","background-size":"auto","background-attachment":"scroll","background-type":"","background-media":"","overlay-type":"","overlay-color":"","overlay-opacity":"","overlay-gradient":""},"tablet":{"background-color":"","background-image":"","background-repeat":"repeat","background-position":"center center","background-size":"auto","background-attachment":"scroll","background-type":"","background-media":"","overlay-type":"","overlay-color":"","overlay-opacity":"","overlay-gradient":""},"mobile":{"background-color":"","background-image":"","background-repeat":"repeat","background-position":"center center","background-size":"auto","background-attachment":"scroll","background-type":"","background-media":"","overlay-type":"","overlay-color":"","overlay-opacity":"","overlay-gradient":""}},"ast-content-background-meta":{"desktop":{"background-color":"var(--ast-global-color-5)","background-image":"","background-repeat":"repeat","background-position":"center center","background-size":"auto","background-attachment":"scroll","background-type":"","background-media":"","overlay-type":"","overlay-color":"","overlay-opacity":"","overlay-gradient":""},"tablet":{"background-color":"var(--ast-global-color-5)","background-image":"","background-repeat":"repeat","background-position":"center center","background-size":"auto","background-attachment":"scroll","background-type":"","background-media":"","overlay-type":"","overlay-color":"","overlay-opacity":"","overlay-gradient":""},"mobile":{"background-color":"var(--ast-global-color-5)","background-image":"","background-repeat":"repeat","background-position":"center center","background-size":"auto","background-attachment":"scroll","background-type":"","background-media":"","overlay-type":"","overlay-color":"","overlay-opacity":"","overlay-gradient":""}},"footnotes":""},"class_list":["post-1331","page","type-page","status-publish","has-post-thumbnail","hentry"],"yoast_head":"<!-- This site is optimized with the Yoast SEO plugin v26.4 - https:\/\/yoast.com\/wordpress\/plugins\/seo\/ -->\n<title>Table d&#039;h\u00f4tes dans les C\u00e9vennes \u2013 Cuisine locale<\/title>\n<meta name=\"description\" content=\"D\u00eenez chez nous avec des produits du terroir c\u00e9venol cuisin\u00e9s maison par Anne-Charlotte. Table d&#039;h\u00f4tes en chambre d&#039;h\u00f4tes dans les C\u00e9vennes.\" \/>\n<meta name=\"robots\" content=\"index, follow, max-snippet:-1, max-image-preview:large, max-video-preview:-1\" \/>\n<link rel=\"canonical\" href=\"https:\/\/www.lamagnaneriedecamias.com\/fr_fr\/pour-le-diner\/\" \/>\n<meta property=\"og:locale\" content=\"fr_FR\" \/>\n<meta property=\"og:type\" content=\"article\" \/>\n<meta property=\"og:title\" content=\"Table d&#039;h\u00f4tes dans les C\u00e9vennes \u2013 Cuisine locale\" \/>\n<meta property=\"og:description\" content=\"D\u00eenez chez nous avec des produits du terroir c\u00e9venol cuisin\u00e9s maison par Anne-Charlotte. Table d&#039;h\u00f4tes en chambre d&#039;h\u00f4tes dans les C\u00e9vennes.\" \/>\n<meta property=\"og:url\" content=\"https:\/\/www.lamagnaneriedecamias.com\/fr_fr\/pour-le-diner\/\" \/>\n<meta property=\"article:modified_time\" content=\"2026-04-14T10:10:39+00:00\" \/>\n<meta property=\"og:image\" content=\"https:\/\/www.lamagnaneriedecamias.com\/wp-content\/uploads\/2025\/12\/diner4.jpg\" \/>\n\t<meta property=\"og:image:width\" content=\"1080\" \/>\n\t<meta property=\"og:image:height\" content=\"1080\" \/>\n\t<meta property=\"og:image:type\" content=\"image\/jpeg\" \/>\n<meta name=\"twitter:card\" content=\"summary_large_image\" \/>\n<meta name=\"twitter:label1\" content=\"Dur\u00e9e de lecture estim\u00e9e\" \/>\n\t<meta name=\"twitter:data1\" content=\"2 minutes\" \/>\n<script type=\"application\/ld+json\" class=\"yoast-schema-graph\">{\"@context\":\"https:\/\/schema.org\",\"@graph\":[{\"@type\":\"WebPage\",\"@id\":\"https:\/\/www.lamagnaneriedecamias.com\/pour-le-diner\/\",\"url\":\"https:\/\/www.lamagnaneriedecamias.com\/pour-le-diner\/\",\"name\":\"Table d'h\u00f4tes dans les C\u00e9vennes \u2013 Cuisine locale\",\"isPartOf\":{\"@id\":\"https:\/\/www.lamagnaneriedecamias.com\/#website\"},\"primaryImageOfPage\":{\"@id\":\"https:\/\/www.lamagnaneriedecamias.com\/pour-le-diner\/#primaryimage\"},\"image\":{\"@id\":\"https:\/\/www.lamagnaneriedecamias.com\/pour-le-diner\/#primaryimage\"},\"thumbnailUrl\":\"https:\/\/www.lamagnaneriedecamias.com\/wp-content\/uploads\/2025\/12\/diner4.jpg\",\"datePublished\":\"2025-12-04T14:49:35+00:00\",\"dateModified\":\"2026-04-14T10:10:39+00:00\",\"description\":\"D\u00eenez chez nous avec des produits du terroir c\u00e9venol cuisin\u00e9s maison par Anne-Charlotte. Table d'h\u00f4tes en chambre d'h\u00f4tes dans les C\u00e9vennes.\",\"breadcrumb\":{\"@id\":\"https:\/\/www.lamagnaneriedecamias.com\/pour-le-diner\/#breadcrumb\"},\"inLanguage\":\"fr-FR\",\"potentialAction\":[{\"@type\":\"ReadAction\",\"target\":[\"https:\/\/www.lamagnaneriedecamias.com\/pour-le-diner\/\"]}]},{\"@type\":\"ImageObject\",\"inLanguage\":\"fr-FR\",\"@id\":\"https:\/\/www.lamagnaneriedecamias.com\/pour-le-diner\/#primaryimage\",\"url\":\"https:\/\/www.lamagnaneriedecamias.com\/wp-content\/uploads\/2025\/12\/diner4.jpg\",\"contentUrl\":\"https:\/\/www.lamagnaneriedecamias.com\/wp-content\/uploads\/2025\/12\/diner4.jpg\",\"width\":1080,\"height\":1080,\"caption\":\"D\u00eener table d'h\u00f4tes dans les C\u00e9vennes\"},{\"@type\":\"BreadcrumbList\",\"@id\":\"https:\/\/www.lamagnaneriedecamias.com\/pour-le-diner\/#breadcrumb\",\"itemListElement\":[{\"@type\":\"ListItem\",\"position\":1,\"name\":\"Accueil\",\"item\":\"https:\/\/www.lamagnaneriedecamias.com\/\"},{\"@type\":\"ListItem\",\"position\":2,\"name\":\"Notre table d&rsquo;h\u00f4tes\"}]},{\"@type\":\"WebSite\",\"@id\":\"https:\/\/www.lamagnaneriedecamias.com\/#website\",\"url\":\"https:\/\/www.lamagnaneriedecamias.com\/\",\"name\":\"La Magnanerie de Camias\",\"description\":\"Maison d&#039;h\u00f4tes et spa bien-\u00eatre\",\"publisher\":{\"@id\":\"https:\/\/www.lamagnaneriedecamias.com\/#organization\"},\"potentialAction\":[{\"@type\":\"SearchAction\",\"target\":{\"@type\":\"EntryPoint\",\"urlTemplate\":\"https:\/\/www.lamagnaneriedecamias.com\/?s={search_term_string}\"},\"query-input\":{\"@type\":\"PropertyValueSpecification\",\"valueRequired\":true,\"valueName\":\"search_term_string\"}}],\"inLanguage\":\"fr-FR\"},{\"@type\":\"Organization\",\"@id\":\"https:\/\/www.lamagnaneriedecamias.com\/#organization\",\"name\":\"La Magnanerie de Camias\",\"url\":\"https:\/\/www.lamagnaneriedecamias.com\/\",\"logo\":{\"@type\":\"ImageObject\",\"inLanguage\":\"fr-FR\",\"@id\":\"https:\/\/www.lamagnaneriedecamias.com\/#\/schema\/logo\/image\/\",\"url\":\"https:\/\/www.lamagnaneriedecamias.com\/wp-content\/uploads\/2025\/12\/Logo_Magnanerie_de_Camias-removebg-preview.png\",\"contentUrl\":\"https:\/\/www.lamagnaneriedecamias.com\/wp-content\/uploads\/2025\/12\/Logo_Magnanerie_de_Camias-removebg-preview.png\",\"width\":577,\"height\":433,\"caption\":\"La Magnanerie de Camias\"},\"image\":{\"@id\":\"https:\/\/www.lamagnaneriedecamias.com\/#\/schema\/logo\/image\/\"}}]}<\/script>\n<!-- \/ Yoast SEO plugin. -->","yoast_head_json":{"title":"Table d'h\u00f4tes dans les C\u00e9vennes \u2013 Cuisine locale","description":"D\u00eenez chez nous avec des produits du terroir c\u00e9venol cuisin\u00e9s maison par Anne-Charlotte. Table d'h\u00f4tes en chambre d'h\u00f4tes dans les C\u00e9vennes.","robots":{"index":"index","follow":"follow","max-snippet":"max-snippet:-1","max-image-preview":"max-image-preview:large","max-video-preview":"max-video-preview:-1"},"canonical":"https:\/\/www.lamagnaneriedecamias.com\/fr_fr\/pour-le-diner\/","og_locale":"fr_FR","og_type":"article","og_title":"Table d'h\u00f4tes dans les C\u00e9vennes \u2013 Cuisine locale","og_description":"D\u00eenez chez nous avec des produits du terroir c\u00e9venol cuisin\u00e9s maison par Anne-Charlotte. Table d'h\u00f4tes en chambre d'h\u00f4tes dans les C\u00e9vennes.","og_url":"https:\/\/www.lamagnaneriedecamias.com\/fr_fr\/pour-le-diner\/","article_modified_time":"2026-04-14T10:10:39+00:00","og_image":[{"width":1080,"height":1080,"url":"https:\/\/www.lamagnaneriedecamias.com\/wp-content\/uploads\/2025\/12\/diner4.jpg","type":"image\/jpeg"}],"twitter_card":"summary_large_image","twitter_misc":{"Dur\u00e9e de lecture estim\u00e9e":"2 minutes"},"schema":{"@context":"https:\/\/schema.org","@graph":[{"@type":"WebPage","@id":"https:\/\/www.lamagnaneriedecamias.com\/pour-le-diner\/","url":"https:\/\/www.lamagnaneriedecamias.com\/pour-le-diner\/","name":"Table d'h\u00f4tes dans les C\u00e9vennes \u2013 Cuisine locale","isPartOf":{"@id":"https:\/\/www.lamagnaneriedecamias.com\/#website"},"primaryImageOfPage":{"@id":"https:\/\/www.lamagnaneriedecamias.com\/pour-le-diner\/#primaryimage"},"image":{"@id":"https:\/\/www.lamagnaneriedecamias.com\/pour-le-diner\/#primaryimage"},"thumbnailUrl":"https:\/\/www.lamagnaneriedecamias.com\/wp-content\/uploads\/2025\/12\/diner4.jpg","datePublished":"2025-12-04T14:49:35+00:00","dateModified":"2026-04-14T10:10:39+00:00","description":"D\u00eenez chez nous avec des produits du terroir c\u00e9venol cuisin\u00e9s maison par Anne-Charlotte. Table d'h\u00f4tes en chambre d'h\u00f4tes dans les C\u00e9vennes.","breadcrumb":{"@id":"https:\/\/www.lamagnaneriedecamias.com\/pour-le-diner\/#breadcrumb"},"inLanguage":"fr-FR","potentialAction":[{"@type":"ReadAction","target":["https:\/\/www.lamagnaneriedecamias.com\/pour-le-diner\/"]}]},{"@type":"ImageObject","inLanguage":"fr-FR","@id":"https:\/\/www.lamagnaneriedecamias.com\/pour-le-diner\/#primaryimage","url":"https:\/\/www.lamagnaneriedecamias.com\/wp-content\/uploads\/2025\/12\/diner4.jpg","contentUrl":"https:\/\/www.lamagnaneriedecamias.com\/wp-content\/uploads\/2025\/12\/diner4.jpg","width":1080,"height":1080,"caption":"D\u00eener table d'h\u00f4tes dans les C\u00e9vennes"},{"@type":"BreadcrumbList","@id":"https:\/\/www.lamagnaneriedecamias.com\/pour-le-diner\/#breadcrumb","itemListElement":[{"@type":"ListItem","position":1,"name":"Accueil","item":"https:\/\/www.lamagnaneriedecamias.com\/"},{"@type":"ListItem","position":2,"name":"Notre table d&rsquo;h\u00f4tes"}]},{"@type":"WebSite","@id":"https:\/\/www.lamagnaneriedecamias.com\/#website","url":"https:\/\/www.lamagnaneriedecamias.com\/","name":"La Magnanerie de Camias","description":"Maison d&#039;h\u00f4tes et spa bien-\u00eatre","publisher":{"@id":"https:\/\/www.lamagnaneriedecamias.com\/#organization"},"potentialAction":[{"@type":"SearchAction","target":{"@type":"EntryPoint","urlTemplate":"https:\/\/www.lamagnaneriedecamias.com\/?s={search_term_string}"},"query-input":{"@type":"PropertyValueSpecification","valueRequired":true,"valueName":"search_term_string"}}],"inLanguage":"fr-FR"},{"@type":"Organization","@id":"https:\/\/www.lamagnaneriedecamias.com\/#organization","name":"La Magnanerie de Camias","url":"https:\/\/www.lamagnaneriedecamias.com\/","logo":{"@type":"ImageObject","inLanguage":"fr-FR","@id":"https:\/\/www.lamagnaneriedecamias.com\/#\/schema\/logo\/image\/","url":"https:\/\/www.lamagnaneriedecamias.com\/wp-content\/uploads\/2025\/12\/Logo_Magnanerie_de_Camias-removebg-preview.png","contentUrl":"https:\/\/www.lamagnaneriedecamias.com\/wp-content\/uploads\/2025\/12\/Logo_Magnanerie_de_Camias-removebg-preview.png","width":577,"height":433,"caption":"La Magnanerie de Camias"},"image":{"@id":"https:\/\/www.lamagnaneriedecamias.com\/#\/schema\/logo\/image\/"}}]}},"_links":{"self":[{"href":"https:\/\/www.lamagnaneriedecamias.com\/fr_fr\/wp-json\/wp\/v2\/pages\/1331","targetHints":{"allow":["GET"]}}],"collection":[{"href":"https:\/\/www.lamagnaneriedecamias.com\/fr_fr\/wp-json\/wp\/v2\/pages"}],"about":[{"href":"https:\/\/www.lamagnaneriedecamias.com\/fr_fr\/wp-json\/wp\/v2\/types\/page"}],"author":[{"embeddable":true,"href":"https:\/\/www.lamagnaneriedecamias.com\/fr_fr\/wp-json\/wp\/v2\/users\/1"}],"replies":[{"embeddable":true,"href":"https:\/\/www.lamagnaneriedecamias.com\/fr_fr\/wp-json\/wp\/v2\/comments?post=1331"}],"version-history":[{"count":31,"href":"https:\/\/www.lamagnaneriedecamias.com\/fr_fr\/wp-json\/wp\/v2\/pages\/1331\/revisions"}],"predecessor-version":[{"id":1988,"href":"https:\/\/www.lamagnaneriedecamias.com\/fr_fr\/wp-json\/wp\/v2\/pages\/1331\/revisions\/1988"}],"wp:featuredmedia":[{"embeddable":true,"href":"https:\/\/www.lamagnaneriedecamias.com\/fr_fr\/wp-json\/wp\/v2\/media\/1349"}],"wp:attachment":[{"href":"https:\/\/www.lamagnaneriedecamias.com\/fr_fr\/wp-json\/wp\/v2\/media?parent=1331"}],"curies":[{"name":"wp","href":"https:\/\/api.w.org\/{rel}","templated":true}]}}