{"id":1333,"date":"2025-12-04T14:50:26","date_gmt":"2025-12-04T14:50:26","guid":{"rendered":"https:\/\/www.wwwlamagnaneriedecamias.jeki6719.odns.fr\/?page_id=1333"},"modified":"2026-04-14T08:57:25","modified_gmt":"2026-04-14T08:57:25","slug":"produits-locaux","status":"publish","type":"page","link":"https:\/\/www.lamagnaneriedecamias.com\/fr_fr\/produits-locaux\/","title":{"rendered":"Produits locaux"},"content":{"rendered":"\t\t<div data-elementor-type=\"wp-page\" data-elementor-id=\"1333\" class=\"elementor elementor-1333\">\n\t\t\t\t<div class=\"elementor-element elementor-element-b1783d2 e-flex e-con-boxed e-con e-parent\" data-id=\"b1783d2\" data-element_type=\"container\">\n\t\t\t\t\t<div class=\"e-con-inner\">\n\t\t\t\t<div class=\"elementor-element elementor-element-e691f27 elementor-widget elementor-widget-heading\" data-id=\"e691f27\" data-element_type=\"widget\" data-widget_type=\"heading.default\">\n\t\t\t\t<div class=\"elementor-widget-container\">\n\t\t\t\t\t<h1 class=\"elementor-heading-title elementor-size-default\">Repartez avec des produits locaux !<\/h1>\t\t\t\t<\/div>\n\t\t\t\t<\/div>\n\t\t\t\t\t<\/div>\n\t\t\t\t<\/div>\n\t\t<div class=\"elementor-element elementor-element-9cd9a1c e-con-full e-flex e-con e-parent\" data-id=\"9cd9a1c\" data-element_type=\"container\">\n\t\t\t\t<div class=\"elementor-element elementor-element-8b13dd8 elementor-widget elementor-widget-heading\" data-id=\"8b13dd8\" data-element_type=\"widget\" data-widget_type=\"heading.default\">\n\t\t\t\t<div class=\"elementor-widget-container\">\n\t\t\t\t\t<h4 class=\"elementor-heading-title elementor-size-default\">Nos meilleures adresses<\/h4>\t\t\t\t<\/div>\n\t\t\t\t<\/div>\n\t\t\t\t<div class=\"elementor-element elementor-element-d4d4f53 elementor-widget elementor-widget-text-editor\" data-id=\"d4d4f53\" data-element_type=\"widget\" data-widget_type=\"text-editor.default\">\n\t\t\t\t<div class=\"elementor-widget-container\">\n\t\t\t\t\t\t\t\t\t<p>Rendez-vous \u00e0 la <strong>coop\u00e9rative Origine C\u00e9vennes<\/strong>, situ\u00e9e \u00e0 seulement 10 minutes en voiture de La Magnanerie de Camias.<br \/>Vous y d\u00e9couvrirez une large s\u00e9lection de produits du terroir, tels que l&rsquo;oignon doux, les pommes, la charcuterie et le fromage locaux, ainsi que des bi\u00e8res, des vins, des cidres et bien plus encore&#8230;<\/p><p>Une belle mani\u00e8re de ramener un morceau de la C\u00e9vennes chez vous !<\/p><p><blockquote class=\"wp-embedded-content\" data-secret=\"SrVAzeXBUH\"><a href=\"https:\/\/oignon-doux-des-cevennes.fr\/cooperative\/\">La coop\u00e9rative Origine C\u00e9vennes<\/a><\/blockquote><iframe class=\"wp-embedded-content\" sandbox=\"allow-scripts\" security=\"restricted\" style=\"position: absolute; visibility: hidden;\" title=\"\u00ab\u00a0La coop\u00e9rative Origine C\u00e9vennes\u00a0\u00bb &#8212; Oignons doux des C\u00e9vennes\" src=\"https:\/\/oignon-doux-des-cevennes.fr\/cooperative\/embed\/#?secret=vEEXVxQHUX#?secret=SrVAzeXBUH\" data-secret=\"SrVAzeXBUH\" width=\"500\" height=\"282\" frameborder=\"0\" marginwidth=\"0\" marginheight=\"0\" scrolling=\"no\"><\/iframe><\/p>\t\t\t\t\t\t\t\t<\/div>\n\t\t\t\t<\/div>\n\t\t\t\t<div class=\"elementor-element elementor-element-10756e5 elementor-widget elementor-widget-heading\" data-id=\"10756e5\" data-element_type=\"widget\" data-widget_type=\"heading.default\">\n\t\t\t\t<div class=\"elementor-widget-container\">\n\t\t\t\t\t<h4 class=\"elementor-heading-title elementor-size-default\">Belesa : Les cosm\u00e9tiques naturels made in C\u00e9vennes !<\/h4>\t\t\t\t<\/div>\n\t\t\t\t<\/div>\n\t\t\t\t<div class=\"elementor-element elementor-element-56d2e14 elementor-widget elementor-widget-text-editor\" data-id=\"56d2e14\" data-element_type=\"widget\" data-widget_type=\"text-editor.default\">\n\t\t\t\t<div class=\"elementor-widget-container\">\n\t\t\t\t\t\t\t\t\t<p>La Magnanerie de Camias est fi\u00e8re de vous pr\u00e9senter <strong>Belesa<\/strong>, une marque locale et engag\u00e9e qui propose des produits cosm\u00e9tiques sains et naturels. Fabriqu\u00e9s en circuit court, au c\u0153ur des C\u00e9vennes, les produits Belesa valorisent les tr\u00e9sors du terroir.<\/p><p>Les cosm\u00e9tiques Belesa mettent en avant des ingr\u00e9dients exceptionnels issus du parc national : ch\u00e2taigne, pomme, miel, huiles v\u00e9g\u00e9tales, et plantes pr\u00e9cieuses\u2026<\/p><p>Belesa s&rsquo;engage \u00e0 valoriser les savoir-faire locaux en collaborant avec des producteurs de la r\u00e9gion et en s\u00e9lectionnant des mati\u00e8res premi\u00e8res de qualit\u00e9 dans une d\u00e9marche \u00e9co-responsable.<\/p><p>Offrez-vous une exp\u00e9rience authentique et respectueuse de l&rsquo;environnement !<\/p><p><a href=\"https:\/\/belesa.fr\/\" target=\"_blank\" rel=\"noopener noreferrer\">https:\/\/belesa.fr\/<\/a><\/p>\t\t\t\t\t\t\t\t<\/div>\n\t\t\t\t<\/div>\n\t\t\t\t<div class=\"elementor-element elementor-element-d5578d9 elementor-widget__width-initial elementor-widget elementor-widget-image\" data-id=\"d5578d9\" data-element_type=\"widget\" data-widget_type=\"image.default\">\n\t\t\t\t<div class=\"elementor-widget-container\">\n\t\t\t\t\t\t\t\t\t\t\t\t\t\t\t<img fetchpriority=\"high\" decoding=\"async\" width=\"2560\" height=\"2560\" src=\"https:\/\/www.lamagnaneriedecamias.com\/wp-content\/uploads\/2025\/12\/soin-douche-100ml-et-500ml-BELESA-scaled.jpg\" class=\"attachment-full size-full wp-image-1378\" alt=\"Belesa produits locaux magnanerie de camias chambres d&#039;h\u00f4tes c\u00e9vennes\" srcset=\"https:\/\/www.lamagnaneriedecamias.com\/wp-content\/uploads\/2025\/12\/soin-douche-100ml-et-500ml-BELESA-scaled.jpg 2560w, https:\/\/www.lamagnaneriedecamias.com\/wp-content\/uploads\/2025\/12\/soin-douche-100ml-et-500ml-BELESA-300x300.jpg 300w, https:\/\/www.lamagnaneriedecamias.com\/wp-content\/uploads\/2025\/12\/soin-douche-100ml-et-500ml-BELESA-1024x1024.jpg 1024w, https:\/\/www.lamagnaneriedecamias.com\/wp-content\/uploads\/2025\/12\/soin-douche-100ml-et-500ml-BELESA-150x150.jpg 150w, https:\/\/www.lamagnaneriedecamias.com\/wp-content\/uploads\/2025\/12\/soin-douche-100ml-et-500ml-BELESA-768x768.jpg 768w, https:\/\/www.lamagnaneriedecamias.com\/wp-content\/uploads\/2025\/12\/soin-douche-100ml-et-500ml-BELESA-1536x1536.jpg 1536w, https:\/\/www.lamagnaneriedecamias.com\/wp-content\/uploads\/2025\/12\/soin-douche-100ml-et-500ml-BELESA-2048x2048.jpg 2048w\" sizes=\"(max-width: 2560px) 100vw, 2560px\" \/>\t\t\t\t\t\t\t\t\t\t\t\t\t\t\t<\/div>\n\t\t\t\t<\/div>\n\t\t\t\t<\/div>\n\t\t\t\t<\/div>\n\t\t\n    <div class=\"xs_social_share_widget xs_share_url after_content \t\tmain_content  wslu-style-1 wslu-share-box-shaped wslu-fill-colored wslu-none wslu-share-horizontal wslu-theme-font-no wslu-main_content\">\n\n\t\t\n        <ul>\n\t\t\t        <\/ul>\n    <\/div> \n","protected":false},"excerpt":{"rendered":"<p>Repartez avec des produits locaux ! Nos meilleures adresses Rendez-vous \u00e0 la coop\u00e9rative Origine C\u00e9vennes, situ\u00e9e \u00e0 seulement 10 minutes en voiture de La Magnanerie de Camias.Vous y d\u00e9couvrirez une large s\u00e9lection de produits du terroir, tels que l&rsquo;oignon doux, les pommes, la charcuterie et le fromage locaux, ainsi que des bi\u00e8res, des vins, des [&hellip;]<\/p>\n","protected":false},"author":1,"featured_media":0,"parent":0,"menu_order":0,"comment_status":"closed","ping_status":"closed","template":"","meta":{"site-sidebar-layout":"no-sidebar","site-content-layout":"page-builder","ast-site-content-layout":"full-width-container","site-content-style":"default","site-sidebar-style":"default","ast-global-header-display":"","ast-banner-title-visibility":"disabled","ast-main-header-display":"","ast-hfb-above-header-display":"","ast-hfb-below-header-display":"","ast-hfb-mobile-header-display":"","site-post-title":"","ast-breadcrumbs-content":"","ast-featured-img":"disabled","footer-sml-layout":"","theme-transparent-header-meta":"","adv-header-id-meta":"","stick-header-meta":"","header-above-stick-meta":"","header-main-stick-meta":"","header-below-stick-meta":"","astra-migrate-meta-layouts":"set","ast-page-background-enabled":"default","ast-page-background-meta":{"desktop":{"background-color":"","background-image":"","background-repeat":"repeat","background-position":"center center","background-size":"auto","background-attachment":"scroll","background-type":"","background-media":"","overlay-type":"","overlay-color":"","overlay-opacity":"","overlay-gradient":""},"tablet":{"background-color":"","background-image":"","background-repeat":"repeat","background-position":"center center","background-size":"auto","background-attachment":"scroll","background-type":"","background-media":"","overlay-type":"","overlay-color":"","overlay-opacity":"","overlay-gradient":""},"mobile":{"background-color":"","background-image":"","background-repeat":"repeat","background-position":"center center","background-size":"auto","background-attachment":"scroll","background-type":"","background-media":"","overlay-type":"","overlay-color":"","overlay-opacity":"","overlay-gradient":""}},"ast-content-background-meta":{"desktop":{"background-color":"var(--ast-global-color-5)","background-image":"","background-repeat":"repeat","background-position":"center center","background-size":"auto","background-attachment":"scroll","background-type":"","background-media":"","overlay-type":"","overlay-color":"","overlay-opacity":"","overlay-gradient":""},"tablet":{"background-color":"var(--ast-global-color-5)","background-image":"","background-repeat":"repeat","background-position":"center center","background-size":"auto","background-attachment":"scroll","background-type":"","background-media":"","overlay-type":"","overlay-color":"","overlay-opacity":"","overlay-gradient":""},"mobile":{"background-color":"var(--ast-global-color-5)","background-image":"","background-repeat":"repeat","background-position":"center center","background-size":"auto","background-attachment":"scroll","background-type":"","background-media":"","overlay-type":"","overlay-color":"","overlay-opacity":"","overlay-gradient":""}},"footnotes":""},"class_list":["post-1333","page","type-page","status-publish","hentry"],"yoast_head":"<!-- This site is optimized with the Yoast SEO plugin v26.4 - https:\/\/yoast.com\/wordpress\/plugins\/seo\/ -->\n<title>Produits locaux &amp; artisanat c\u00e9venol \u2013 Magnanerie de Camias<\/title>\n<meta name=\"description\" content=\"D\u00e9couvrez notre s\u00e9lection de produits locaux des C\u00e9vennes : miel, p\u00e9lardon, ch\u00e2taigne et artisanat r\u00e9gional. En vente \u00e0 c\u00f4t\u00e9 de chez nous !\" \/>\n<meta name=\"robots\" content=\"index, follow, max-snippet:-1, max-image-preview:large, max-video-preview:-1\" \/>\n<link rel=\"canonical\" href=\"https:\/\/www.lamagnaneriedecamias.com\/fr_fr\/produits-locaux\/\" \/>\n<meta property=\"og:locale\" content=\"fr_FR\" \/>\n<meta property=\"og:type\" content=\"article\" \/>\n<meta property=\"og:title\" content=\"Produits locaux &amp; artisanat c\u00e9venol \u2013 Magnanerie de Camias\" \/>\n<meta property=\"og:description\" content=\"D\u00e9couvrez notre s\u00e9lection de produits locaux des C\u00e9vennes : miel, p\u00e9lardon, ch\u00e2taigne et artisanat r\u00e9gional. En vente \u00e0 c\u00f4t\u00e9 de chez nous !\" \/>\n<meta property=\"og:url\" content=\"https:\/\/www.lamagnaneriedecamias.com\/fr_fr\/produits-locaux\/\" \/>\n<meta property=\"article:modified_time\" content=\"2026-04-14T08:57:25+00:00\" \/>\n<meta property=\"og:image\" content=\"https:\/\/www.lamagnaneriedecamias.com\/wp-content\/uploads\/2025\/12\/soin-douche-100ml-et-500ml-BELESA-scaled.jpg\" \/>\n<meta name=\"twitter:card\" content=\"summary_large_image\" \/>\n<meta name=\"twitter:label1\" content=\"Dur\u00e9e de lecture estim\u00e9e\" \/>\n\t<meta name=\"twitter:data1\" content=\"2 minutes\" \/>\n<script type=\"application\/ld+json\" class=\"yoast-schema-graph\">{\"@context\":\"https:\/\/schema.org\",\"@graph\":[{\"@type\":\"WebPage\",\"@id\":\"https:\/\/www.lamagnaneriedecamias.com\/produits-locaux\/\",\"url\":\"https:\/\/www.lamagnaneriedecamias.com\/produits-locaux\/\",\"name\":\"Produits locaux & artisanat c\u00e9venol \u2013 Magnanerie de Camias\",\"isPartOf\":{\"@id\":\"https:\/\/www.lamagnaneriedecamias.com\/#website\"},\"primaryImageOfPage\":{\"@id\":\"https:\/\/www.lamagnaneriedecamias.com\/produits-locaux\/#primaryimage\"},\"image\":{\"@id\":\"https:\/\/www.lamagnaneriedecamias.com\/produits-locaux\/#primaryimage\"},\"thumbnailUrl\":\"https:\/\/www.lamagnaneriedecamias.com\/wp-content\/uploads\/2025\/12\/soin-douche-100ml-et-500ml-BELESA-scaled.jpg\",\"datePublished\":\"2025-12-04T14:50:26+00:00\",\"dateModified\":\"2026-04-14T08:57:25+00:00\",\"description\":\"D\u00e9couvrez notre s\u00e9lection de produits locaux des C\u00e9vennes : miel, p\u00e9lardon, ch\u00e2taigne et artisanat r\u00e9gional. En vente \u00e0 c\u00f4t\u00e9 de chez nous !\",\"breadcrumb\":{\"@id\":\"https:\/\/www.lamagnaneriedecamias.com\/produits-locaux\/#breadcrumb\"},\"inLanguage\":\"fr-FR\",\"potentialAction\":[{\"@type\":\"ReadAction\",\"target\":[\"https:\/\/www.lamagnaneriedecamias.com\/produits-locaux\/\"]}]},{\"@type\":\"ImageObject\",\"inLanguage\":\"fr-FR\",\"@id\":\"https:\/\/www.lamagnaneriedecamias.com\/produits-locaux\/#primaryimage\",\"url\":\"https:\/\/www.lamagnaneriedecamias.com\/wp-content\/uploads\/2025\/12\/soin-douche-100ml-et-500ml-BELESA-scaled.jpg\",\"contentUrl\":\"https:\/\/www.lamagnaneriedecamias.com\/wp-content\/uploads\/2025\/12\/soin-douche-100ml-et-500ml-BELESA-scaled.jpg\"},{\"@type\":\"BreadcrumbList\",\"@id\":\"https:\/\/www.lamagnaneriedecamias.com\/produits-locaux\/#breadcrumb\",\"itemListElement\":[{\"@type\":\"ListItem\",\"position\":1,\"name\":\"Accueil\",\"item\":\"https:\/\/www.lamagnaneriedecamias.com\/\"},{\"@type\":\"ListItem\",\"position\":2,\"name\":\"Produits locaux\"}]},{\"@type\":\"WebSite\",\"@id\":\"https:\/\/www.lamagnaneriedecamias.com\/#website\",\"url\":\"https:\/\/www.lamagnaneriedecamias.com\/\",\"name\":\"La Magnanerie de Camias\",\"description\":\"Maison d&#039;h\u00f4tes et spa bien-\u00eatre\",\"publisher\":{\"@id\":\"https:\/\/www.lamagnaneriedecamias.com\/#organization\"},\"potentialAction\":[{\"@type\":\"SearchAction\",\"target\":{\"@type\":\"EntryPoint\",\"urlTemplate\":\"https:\/\/www.lamagnaneriedecamias.com\/?s={search_term_string}\"},\"query-input\":{\"@type\":\"PropertyValueSpecification\",\"valueRequired\":true,\"valueName\":\"search_term_string\"}}],\"inLanguage\":\"fr-FR\"},{\"@type\":\"Organization\",\"@id\":\"https:\/\/www.lamagnaneriedecamias.com\/#organization\",\"name\":\"La Magnanerie de Camias\",\"url\":\"https:\/\/www.lamagnaneriedecamias.com\/\",\"logo\":{\"@type\":\"ImageObject\",\"inLanguage\":\"fr-FR\",\"@id\":\"https:\/\/www.lamagnaneriedecamias.com\/#\/schema\/logo\/image\/\",\"url\":\"https:\/\/www.lamagnaneriedecamias.com\/wp-content\/uploads\/2025\/12\/Logo_Magnanerie_de_Camias-removebg-preview.png\",\"contentUrl\":\"https:\/\/www.lamagnaneriedecamias.com\/wp-content\/uploads\/2025\/12\/Logo_Magnanerie_de_Camias-removebg-preview.png\",\"width\":577,\"height\":433,\"caption\":\"La Magnanerie de Camias\"},\"image\":{\"@id\":\"https:\/\/www.lamagnaneriedecamias.com\/#\/schema\/logo\/image\/\"}}]}<\/script>\n<!-- \/ Yoast SEO plugin. -->","yoast_head_json":{"title":"Produits locaux & artisanat c\u00e9venol \u2013 Magnanerie de Camias","description":"D\u00e9couvrez notre s\u00e9lection de produits locaux des C\u00e9vennes : miel, p\u00e9lardon, ch\u00e2taigne et artisanat r\u00e9gional. En vente \u00e0 c\u00f4t\u00e9 de chez nous !","robots":{"index":"index","follow":"follow","max-snippet":"max-snippet:-1","max-image-preview":"max-image-preview:large","max-video-preview":"max-video-preview:-1"},"canonical":"https:\/\/www.lamagnaneriedecamias.com\/fr_fr\/produits-locaux\/","og_locale":"fr_FR","og_type":"article","og_title":"Produits locaux & artisanat c\u00e9venol \u2013 Magnanerie de Camias","og_description":"D\u00e9couvrez notre s\u00e9lection de produits locaux des C\u00e9vennes : miel, p\u00e9lardon, ch\u00e2taigne et artisanat r\u00e9gional. En vente \u00e0 c\u00f4t\u00e9 de chez nous !","og_url":"https:\/\/www.lamagnaneriedecamias.com\/fr_fr\/produits-locaux\/","article_modified_time":"2026-04-14T08:57:25+00:00","og_image":[{"url":"https:\/\/www.lamagnaneriedecamias.com\/wp-content\/uploads\/2025\/12\/soin-douche-100ml-et-500ml-BELESA-scaled.jpg","type":"","width":"","height":""}],"twitter_card":"summary_large_image","twitter_misc":{"Dur\u00e9e de lecture estim\u00e9e":"2 minutes"},"schema":{"@context":"https:\/\/schema.org","@graph":[{"@type":"WebPage","@id":"https:\/\/www.lamagnaneriedecamias.com\/produits-locaux\/","url":"https:\/\/www.lamagnaneriedecamias.com\/produits-locaux\/","name":"Produits locaux & artisanat c\u00e9venol \u2013 Magnanerie de Camias","isPartOf":{"@id":"https:\/\/www.lamagnaneriedecamias.com\/#website"},"primaryImageOfPage":{"@id":"https:\/\/www.lamagnaneriedecamias.com\/produits-locaux\/#primaryimage"},"image":{"@id":"https:\/\/www.lamagnaneriedecamias.com\/produits-locaux\/#primaryimage"},"thumbnailUrl":"https:\/\/www.lamagnaneriedecamias.com\/wp-content\/uploads\/2025\/12\/soin-douche-100ml-et-500ml-BELESA-scaled.jpg","datePublished":"2025-12-04T14:50:26+00:00","dateModified":"2026-04-14T08:57:25+00:00","description":"D\u00e9couvrez notre s\u00e9lection de produits locaux des C\u00e9vennes : miel, p\u00e9lardon, ch\u00e2taigne et artisanat r\u00e9gional. En vente \u00e0 c\u00f4t\u00e9 de chez nous !","breadcrumb":{"@id":"https:\/\/www.lamagnaneriedecamias.com\/produits-locaux\/#breadcrumb"},"inLanguage":"fr-FR","potentialAction":[{"@type":"ReadAction","target":["https:\/\/www.lamagnaneriedecamias.com\/produits-locaux\/"]}]},{"@type":"ImageObject","inLanguage":"fr-FR","@id":"https:\/\/www.lamagnaneriedecamias.com\/produits-locaux\/#primaryimage","url":"https:\/\/www.lamagnaneriedecamias.com\/wp-content\/uploads\/2025\/12\/soin-douche-100ml-et-500ml-BELESA-scaled.jpg","contentUrl":"https:\/\/www.lamagnaneriedecamias.com\/wp-content\/uploads\/2025\/12\/soin-douche-100ml-et-500ml-BELESA-scaled.jpg"},{"@type":"BreadcrumbList","@id":"https:\/\/www.lamagnaneriedecamias.com\/produits-locaux\/#breadcrumb","itemListElement":[{"@type":"ListItem","position":1,"name":"Accueil","item":"https:\/\/www.lamagnaneriedecamias.com\/"},{"@type":"ListItem","position":2,"name":"Produits locaux"}]},{"@type":"WebSite","@id":"https:\/\/www.lamagnaneriedecamias.com\/#website","url":"https:\/\/www.lamagnaneriedecamias.com\/","name":"La Magnanerie de Camias","description":"Maison d&#039;h\u00f4tes et spa bien-\u00eatre","publisher":{"@id":"https:\/\/www.lamagnaneriedecamias.com\/#organization"},"potentialAction":[{"@type":"SearchAction","target":{"@type":"EntryPoint","urlTemplate":"https:\/\/www.lamagnaneriedecamias.com\/?s={search_term_string}"},"query-input":{"@type":"PropertyValueSpecification","valueRequired":true,"valueName":"search_term_string"}}],"inLanguage":"fr-FR"},{"@type":"Organization","@id":"https:\/\/www.lamagnaneriedecamias.com\/#organization","name":"La Magnanerie de Camias","url":"https:\/\/www.lamagnaneriedecamias.com\/","logo":{"@type":"ImageObject","inLanguage":"fr-FR","@id":"https:\/\/www.lamagnaneriedecamias.com\/#\/schema\/logo\/image\/","url":"https:\/\/www.lamagnaneriedecamias.com\/wp-content\/uploads\/2025\/12\/Logo_Magnanerie_de_Camias-removebg-preview.png","contentUrl":"https:\/\/www.lamagnaneriedecamias.com\/wp-content\/uploads\/2025\/12\/Logo_Magnanerie_de_Camias-removebg-preview.png","width":577,"height":433,"caption":"La Magnanerie de Camias"},"image":{"@id":"https:\/\/www.lamagnaneriedecamias.com\/#\/schema\/logo\/image\/"}}]}},"_links":{"self":[{"href":"https:\/\/www.lamagnaneriedecamias.com\/fr_fr\/wp-json\/wp\/v2\/pages\/1333","targetHints":{"allow":["GET"]}}],"collection":[{"href":"https:\/\/www.lamagnaneriedecamias.com\/fr_fr\/wp-json\/wp\/v2\/pages"}],"about":[{"href":"https:\/\/www.lamagnaneriedecamias.com\/fr_fr\/wp-json\/wp\/v2\/types\/page"}],"author":[{"embeddable":true,"href":"https:\/\/www.lamagnaneriedecamias.com\/fr_fr\/wp-json\/wp\/v2\/users\/1"}],"replies":[{"embeddable":true,"href":"https:\/\/www.lamagnaneriedecamias.com\/fr_fr\/wp-json\/wp\/v2\/comments?post=1333"}],"version-history":[{"count":10,"href":"https:\/\/www.lamagnaneriedecamias.com\/fr_fr\/wp-json\/wp\/v2\/pages\/1333\/revisions"}],"predecessor-version":[{"id":1937,"href":"https:\/\/www.lamagnaneriedecamias.com\/fr_fr\/wp-json\/wp\/v2\/pages\/1333\/revisions\/1937"}],"wp:attachment":[{"href":"https:\/\/www.lamagnaneriedecamias.com\/fr_fr\/wp-json\/wp\/v2\/media?parent=1333"}],"curies":[{"name":"wp","href":"https:\/\/api.w.org\/{rel}","templated":true}]}}