{"id":1335,"date":"2025-12-04T14:50:46","date_gmt":"2025-12-04T14:50:46","guid":{"rendered":"https:\/\/www.wwwlamagnaneriedecamias.jeki6719.odns.fr\/?page_id=1335"},"modified":"2026-04-14T09:57:50","modified_gmt":"2026-04-14T09:57:50","slug":"nous-connaitre","status":"publish","type":"page","link":"https:\/\/www.lamagnaneriedecamias.com\/fr_fr\/nous-connaitre\/","title":{"rendered":"Nous conna\u00eetre"},"content":{"rendered":"\t\t<div data-elementor-type=\"wp-page\" data-elementor-id=\"1335\" class=\"elementor elementor-1335\">\n\t\t\t\t<div class=\"elementor-element elementor-element-e53442e e-flex e-con-boxed e-con e-parent\" data-id=\"e53442e\" data-element_type=\"container\">\n\t\t\t\t\t<div class=\"e-con-inner\">\n\t\t\t\t<div class=\"elementor-element elementor-element-f18f508 elementor-widget elementor-widget-heading\" data-id=\"f18f508\" data-element_type=\"widget\" data-widget_type=\"heading.default\">\n\t\t\t\t<div class=\"elementor-widget-container\">\n\t\t\t\t\t<h1 class=\"elementor-heading-title elementor-size-default\">Nous conna\u00eetre<\/h1>\t\t\t\t<\/div>\n\t\t\t\t<\/div>\n\t\t\t\t\t<\/div>\n\t\t\t\t<\/div>\n\t\t<div class=\"elementor-element elementor-element-351135c e-flex e-con-boxed e-con e-parent\" data-id=\"351135c\" data-element_type=\"container\">\n\t\t\t\t\t<div class=\"e-con-inner\">\n\t\t<div class=\"elementor-element elementor-element-4309d0c e-con-full e-flex e-con e-child\" data-id=\"4309d0c\" data-element_type=\"container\">\n\t\t\t\t<div class=\"elementor-element elementor-element-c46304b elementor-widget__width-auto elementor-widget elementor-widget-image\" data-id=\"c46304b\" data-element_type=\"widget\" data-widget_type=\"image.default\">\n\t\t\t\t<div class=\"elementor-widget-container\">\n\t\t\t\t\t\t\t\t\t\t\t\t\t\t\t<img fetchpriority=\"high\" decoding=\"async\" width=\"768\" height=\"1024\" src=\"https:\/\/www.lamagnaneriedecamias.com\/wp-content\/uploads\/2025\/12\/IMG_7238-768x1024.jpg\" class=\"attachment-large size-large wp-image-1384\" alt=\"Vos h\u00f4tes magnanerie de camias b\u00e2tisse caract\u00e8re hameau c\u00e9vennes\" srcset=\"https:\/\/www.lamagnaneriedecamias.com\/wp-content\/uploads\/2025\/12\/IMG_7238-768x1024.jpg 768w, https:\/\/www.lamagnaneriedecamias.com\/wp-content\/uploads\/2025\/12\/IMG_7238-225x300.jpg 225w, https:\/\/www.lamagnaneriedecamias.com\/wp-content\/uploads\/2025\/12\/IMG_7238-1152x1536.jpg 1152w, https:\/\/www.lamagnaneriedecamias.com\/wp-content\/uploads\/2025\/12\/IMG_7238-1536x2048.jpg 1536w, https:\/\/www.lamagnaneriedecamias.com\/wp-content\/uploads\/2025\/12\/IMG_7238-scaled.jpg 1920w\" sizes=\"(max-width: 768px) 100vw, 768px\" \/>\t\t\t\t\t\t\t\t\t\t\t\t\t\t\t<\/div>\n\t\t\t\t<\/div>\n\t\t\t\t<\/div>\n\t\t\t\t<div class=\"elementor-element elementor-element-fb698dc elementor-widget elementor-widget-text-editor\" data-id=\"fb698dc\" data-element_type=\"widget\" data-widget_type=\"text-editor.default\">\n\t\t\t\t<div class=\"elementor-widget-container\">\n\t\t\t\t\t\t\t\t\t<p>Nous, c&rsquo;est Anne-Charlotte &amp; R\u00e9mi \ud83d\udc4b<\/p><p>Pendant pr\u00e8s de 10 ans, nous avons parcouru le monde, essentiellement dans le Pacifique, \u00e0 la recherche de d\u00e9couvertes, de rencontres, et d&rsquo;exp\u00e9riences humaines riches de sens. Ce voyage au long cours a nourri notre envie de vivre autrement\u2026 et surtout, de cr\u00e9er un lieu d&rsquo;accueil \u00e0 notre image.<\/p><p>En 2023, c&rsquo;est le coup de c\u0153ur : une maison nich\u00e9e au c\u0153ur des C\u00e9vennes, un territoire sauvage, vibrant, pr\u00e9serv\u00e9\u2026 et une \u00e9vidence. Ici, tout faisait \u00e9cho \u00e0 notre envie de retour aux sources. Nous avons repris La Magnanerie de Camias, d\u00e9j\u00e0 pr\u00eate \u00e0 accueillir, et nous y avons apport\u00e9 notre touche, des r\u00e9novations douces et une ambiance qui nous ressemble.<\/p><p>Aujourd&rsquo;hui, nous sommes ravis d&rsquo;ouvrir les portes de cette maison \u00e0 d&rsquo;autres voyageurs. Ce lieu, on l&rsquo;a r\u00eav\u00e9 comme une parenth\u00e8se paisible o\u00f9 l&rsquo;on se sent bien, o\u00f9 l&rsquo;on mange simplement mais avec c\u0153ur, et o\u00f9 les \u00e9changes ont une vraie place. Si le cadre vous s\u00e9duit autant qu&rsquo;il nous a s\u00e9duits, alors notre pari est r\u00e9ussi \ud83d\udc9a<\/p>\t\t\t\t\t\t\t\t<\/div>\n\t\t\t\t<\/div>\n\t\t\t\t\t<\/div>\n\t\t\t\t<\/div>\n\t\t<div class=\"elementor-element elementor-element-9fe7044 e-flex e-con-boxed e-con e-parent\" data-id=\"9fe7044\" data-element_type=\"container\">\n\t\t\t\t\t<div class=\"e-con-inner\">\n\t\t\t\t<div class=\"elementor-element elementor-element-d1b2143 elementor-widget elementor-widget-text-editor\" data-id=\"d1b2143\" data-element_type=\"widget\" data-widget_type=\"text-editor.default\">\n\t\t\t\t<div class=\"elementor-widget-container\">\n\t\t\t\t\t\t\t\t\t<h5>\ud83c\udfa5 <strong>Envie d&rsquo;en savoir plus sur notre parcours ?<\/strong><br \/>D\u00e9couvrez notre passage au <strong>JT de TF1 du 9 mai 2025<\/strong> consacr\u00e9 aux maisons d&rsquo;h\u00f4tes ! \u2b07\ufe0f<\/h5>\t\t\t\t\t\t\t\t<\/div>\n\t\t\t\t<\/div>\n\t\t\t\t<div class=\"elementor-element elementor-element-64354dc elementor-widget elementor-widget-video\" data-id=\"64354dc\" data-element_type=\"widget\" data-settings=\"{&quot;video_type&quot;:&quot;hosted&quot;,&quot;controls&quot;:&quot;yes&quot;}\" data-widget_type=\"video.default\">\n\t\t\t\t<div class=\"elementor-widget-container\">\n\t\t\t\t\t\t\t<div class=\"e-hosted-video elementor-wrapper elementor-open-inline\">\n\t\t\t\t\t<video class=\"elementor-video\" src=\"https:\/\/www.lamagnaneriedecamias.com\/wp-content\/uploads\/2025\/12\/Reportage-TF1-coupe-insta.mp4\" controls=\"\" preload=\"metadata\" controlsList=\"nodownload\"><\/video>\n\t\t\t\t<\/div>\n\t\t\t\t\t\t<\/div>\n\t\t\t\t<\/div>\n\t\t\t\t\t<\/div>\n\t\t\t\t<\/div>\n\t\t\t\t<\/div>\n\t\t\n    <div class=\"xs_social_share_widget xs_share_url after_content \t\tmain_content  wslu-style-1 wslu-share-box-shaped wslu-fill-colored wslu-none wslu-share-horizontal wslu-theme-font-no wslu-main_content\">\n\n\t\t\n        <ul>\n\t\t\t        <\/ul>\n    <\/div> \n","protected":false},"excerpt":{"rendered":"<p>Nous conna\u00eetre Nous, c&rsquo;est Anne-Charlotte &amp; R\u00e9mi \ud83d\udc4b Pendant pr\u00e8s de 10 ans, nous avons parcouru le monde, essentiellement dans le Pacifique, \u00e0 la recherche de d\u00e9couvertes, de rencontres, et d&rsquo;exp\u00e9riences humaines riches de sens. Ce voyage au long cours a nourri notre envie de vivre autrement\u2026 et surtout, de cr\u00e9er un lieu d&rsquo;accueil \u00e0 [&hellip;]<\/p>\n","protected":false},"author":1,"featured_media":0,"parent":0,"menu_order":0,"comment_status":"closed","ping_status":"closed","template":"","meta":{"site-sidebar-layout":"no-sidebar","site-content-layout":"page-builder","ast-site-content-layout":"full-width-container","site-content-style":"default","site-sidebar-style":"default","ast-global-header-display":"","ast-banner-title-visibility":"disabled","ast-main-header-display":"","ast-hfb-above-header-display":"","ast-hfb-below-header-display":"","ast-hfb-mobile-header-display":"","site-post-title":"","ast-breadcrumbs-content":"","ast-featured-img":"disabled","footer-sml-layout":"","theme-transparent-header-meta":"","adv-header-id-meta":"","stick-header-meta":"","header-above-stick-meta":"","header-main-stick-meta":"","header-below-stick-meta":"","astra-migrate-meta-layouts":"set","ast-page-background-enabled":"default","ast-page-background-meta":{"desktop":{"background-color":"","background-image":"","background-repeat":"repeat","background-position":"center center","background-size":"auto","background-attachment":"scroll","background-type":"","background-media":"","overlay-type":"","overlay-color":"","overlay-opacity":"","overlay-gradient":""},"tablet":{"background-color":"","background-image":"","background-repeat":"repeat","background-position":"center center","background-size":"auto","background-attachment":"scroll","background-type":"","background-media":"","overlay-type":"","overlay-color":"","overlay-opacity":"","overlay-gradient":""},"mobile":{"background-color":"","background-image":"","background-repeat":"repeat","background-position":"center center","background-size":"auto","background-attachment":"scroll","background-type":"","background-media":"","overlay-type":"","overlay-color":"","overlay-opacity":"","overlay-gradient":""}},"ast-content-background-meta":{"desktop":{"background-color":"var(--ast-global-color-5)","background-image":"","background-repeat":"repeat","background-position":"center center","background-size":"auto","background-attachment":"scroll","background-type":"","background-media":"","overlay-type":"","overlay-color":"","overlay-opacity":"","overlay-gradient":""},"tablet":{"background-color":"var(--ast-global-color-5)","background-image":"","background-repeat":"repeat","background-position":"center center","background-size":"auto","background-attachment":"scroll","background-type":"","background-media":"","overlay-type":"","overlay-color":"","overlay-opacity":"","overlay-gradient":""},"mobile":{"background-color":"var(--ast-global-color-5)","background-image":"","background-repeat":"repeat","background-position":"center center","background-size":"auto","background-attachment":"scroll","background-type":"","background-media":"","overlay-type":"","overlay-color":"","overlay-opacity":"","overlay-gradient":""}},"footnotes":""},"class_list":["post-1335","page","type-page","status-publish","hentry"],"yoast_head":"<!-- This site is optimized with the Yoast SEO plugin v26.4 - https:\/\/yoast.com\/wordpress\/plugins\/seo\/ -->\n<title>Qui sommes-nous - Anne-Charlotte &amp; R\u00e9mi Magnanerie de Camias<\/title>\n<meta name=\"description\" content=\"D\u00e9couvrez l&#039;histoire d&#039;Anne-Charlotte et R\u00e9mi, anciens voyageurs du Pacifique devenus h\u00f4tes passionn\u00e9s au c\u0153ur des C\u00e9vennes depuis 2023.\" \/>\n<meta name=\"robots\" content=\"index, follow, max-snippet:-1, max-image-preview:large, max-video-preview:-1\" \/>\n<link rel=\"canonical\" href=\"https:\/\/www.lamagnaneriedecamias.com\/fr_fr\/nous-connaitre\/\" \/>\n<meta property=\"og:locale\" content=\"fr_FR\" \/>\n<meta property=\"og:type\" content=\"article\" \/>\n<meta property=\"og:title\" content=\"Qui sommes-nous - Anne-Charlotte &amp; R\u00e9mi Magnanerie de Camias\" \/>\n<meta property=\"og:description\" content=\"D\u00e9couvrez l&#039;histoire d&#039;Anne-Charlotte et R\u00e9mi, anciens voyageurs du Pacifique devenus h\u00f4tes passionn\u00e9s au c\u0153ur des C\u00e9vennes depuis 2023.\" \/>\n<meta property=\"og:url\" content=\"https:\/\/www.lamagnaneriedecamias.com\/fr_fr\/nous-connaitre\/\" \/>\n<meta property=\"article:modified_time\" content=\"2026-04-14T09:57:50+00:00\" \/>\n<meta property=\"og:image\" content=\"https:\/\/www.lamagnaneriedecamias.com\/wp-content\/uploads\/2025\/12\/IMG_7238-scaled.jpg\" \/>\n\t<meta property=\"og:image:width\" content=\"1920\" \/>\n\t<meta property=\"og:image:height\" content=\"2560\" \/>\n\t<meta property=\"og:image:type\" content=\"image\/jpeg\" \/>\n<meta name=\"twitter:card\" content=\"summary_large_image\" \/>\n<meta name=\"twitter:label1\" content=\"Dur\u00e9e de lecture estim\u00e9e\" \/>\n\t<meta name=\"twitter:data1\" content=\"2 minutes\" \/>\n<script type=\"application\/ld+json\" class=\"yoast-schema-graph\">{\"@context\":\"https:\/\/schema.org\",\"@graph\":[{\"@type\":\"WebPage\",\"@id\":\"https:\/\/www.lamagnaneriedecamias.com\/nous-connaitre\/\",\"url\":\"https:\/\/www.lamagnaneriedecamias.com\/nous-connaitre\/\",\"name\":\"Qui sommes-nous - Anne-Charlotte & R\u00e9mi Magnanerie de Camias\",\"isPartOf\":{\"@id\":\"https:\/\/www.lamagnaneriedecamias.com\/#website\"},\"primaryImageOfPage\":{\"@id\":\"https:\/\/www.lamagnaneriedecamias.com\/nous-connaitre\/#primaryimage\"},\"image\":{\"@id\":\"https:\/\/www.lamagnaneriedecamias.com\/nous-connaitre\/#primaryimage\"},\"thumbnailUrl\":\"https:\/\/www.lamagnaneriedecamias.com\/wp-content\/uploads\/2025\/12\/IMG_7238-768x1024.jpg\",\"datePublished\":\"2025-12-04T14:50:46+00:00\",\"dateModified\":\"2026-04-14T09:57:50+00:00\",\"description\":\"D\u00e9couvrez l'histoire d'Anne-Charlotte et R\u00e9mi, anciens voyageurs du Pacifique devenus h\u00f4tes passionn\u00e9s au c\u0153ur des C\u00e9vennes depuis 2023.\",\"breadcrumb\":{\"@id\":\"https:\/\/www.lamagnaneriedecamias.com\/nous-connaitre\/#breadcrumb\"},\"inLanguage\":\"fr-FR\",\"potentialAction\":[{\"@type\":\"ReadAction\",\"target\":[\"https:\/\/www.lamagnaneriedecamias.com\/nous-connaitre\/\"]}]},{\"@type\":\"ImageObject\",\"inLanguage\":\"fr-FR\",\"@id\":\"https:\/\/www.lamagnaneriedecamias.com\/nous-connaitre\/#primaryimage\",\"url\":\"https:\/\/www.lamagnaneriedecamias.com\/wp-content\/uploads\/2025\/12\/IMG_7238-768x1024.jpg\",\"contentUrl\":\"https:\/\/www.lamagnaneriedecamias.com\/wp-content\/uploads\/2025\/12\/IMG_7238-768x1024.jpg\"},{\"@type\":\"BreadcrumbList\",\"@id\":\"https:\/\/www.lamagnaneriedecamias.com\/nous-connaitre\/#breadcrumb\",\"itemListElement\":[{\"@type\":\"ListItem\",\"position\":1,\"name\":\"Accueil\",\"item\":\"https:\/\/www.lamagnaneriedecamias.com\/\"},{\"@type\":\"ListItem\",\"position\":2,\"name\":\"Nous conna\u00eetre\"}]},{\"@type\":\"WebSite\",\"@id\":\"https:\/\/www.lamagnaneriedecamias.com\/#website\",\"url\":\"https:\/\/www.lamagnaneriedecamias.com\/\",\"name\":\"La Magnanerie de Camias\",\"description\":\"Maison d&#039;h\u00f4tes et spa bien-\u00eatre\",\"publisher\":{\"@id\":\"https:\/\/www.lamagnaneriedecamias.com\/#organization\"},\"potentialAction\":[{\"@type\":\"SearchAction\",\"target\":{\"@type\":\"EntryPoint\",\"urlTemplate\":\"https:\/\/www.lamagnaneriedecamias.com\/?s={search_term_string}\"},\"query-input\":{\"@type\":\"PropertyValueSpecification\",\"valueRequired\":true,\"valueName\":\"search_term_string\"}}],\"inLanguage\":\"fr-FR\"},{\"@type\":\"Organization\",\"@id\":\"https:\/\/www.lamagnaneriedecamias.com\/#organization\",\"name\":\"La Magnanerie de Camias\",\"url\":\"https:\/\/www.lamagnaneriedecamias.com\/\",\"logo\":{\"@type\":\"ImageObject\",\"inLanguage\":\"fr-FR\",\"@id\":\"https:\/\/www.lamagnaneriedecamias.com\/#\/schema\/logo\/image\/\",\"url\":\"https:\/\/www.lamagnaneriedecamias.com\/wp-content\/uploads\/2025\/12\/Logo_Magnanerie_de_Camias-removebg-preview.png\",\"contentUrl\":\"https:\/\/www.lamagnaneriedecamias.com\/wp-content\/uploads\/2025\/12\/Logo_Magnanerie_de_Camias-removebg-preview.png\",\"width\":577,\"height\":433,\"caption\":\"La Magnanerie de Camias\"},\"image\":{\"@id\":\"https:\/\/www.lamagnaneriedecamias.com\/#\/schema\/logo\/image\/\"}}]}<\/script>\n<!-- \/ Yoast SEO plugin. -->","yoast_head_json":{"title":"Qui sommes-nous - Anne-Charlotte & R\u00e9mi Magnanerie de Camias","description":"D\u00e9couvrez l'histoire d'Anne-Charlotte et R\u00e9mi, anciens voyageurs du Pacifique devenus h\u00f4tes passionn\u00e9s au c\u0153ur des C\u00e9vennes depuis 2023.","robots":{"index":"index","follow":"follow","max-snippet":"max-snippet:-1","max-image-preview":"max-image-preview:large","max-video-preview":"max-video-preview:-1"},"canonical":"https:\/\/www.lamagnaneriedecamias.com\/fr_fr\/nous-connaitre\/","og_locale":"fr_FR","og_type":"article","og_title":"Qui sommes-nous - Anne-Charlotte & R\u00e9mi Magnanerie de Camias","og_description":"D\u00e9couvrez l'histoire d'Anne-Charlotte et R\u00e9mi, anciens voyageurs du Pacifique devenus h\u00f4tes passionn\u00e9s au c\u0153ur des C\u00e9vennes depuis 2023.","og_url":"https:\/\/www.lamagnaneriedecamias.com\/fr_fr\/nous-connaitre\/","article_modified_time":"2026-04-14T09:57:50+00:00","og_image":[{"width":1920,"height":2560,"url":"https:\/\/www.lamagnaneriedecamias.com\/wp-content\/uploads\/2025\/12\/IMG_7238-scaled.jpg","type":"image\/jpeg"}],"twitter_card":"summary_large_image","twitter_misc":{"Dur\u00e9e de lecture estim\u00e9e":"2 minutes"},"schema":{"@context":"https:\/\/schema.org","@graph":[{"@type":"WebPage","@id":"https:\/\/www.lamagnaneriedecamias.com\/nous-connaitre\/","url":"https:\/\/www.lamagnaneriedecamias.com\/nous-connaitre\/","name":"Qui sommes-nous - Anne-Charlotte & R\u00e9mi Magnanerie de Camias","isPartOf":{"@id":"https:\/\/www.lamagnaneriedecamias.com\/#website"},"primaryImageOfPage":{"@id":"https:\/\/www.lamagnaneriedecamias.com\/nous-connaitre\/#primaryimage"},"image":{"@id":"https:\/\/www.lamagnaneriedecamias.com\/nous-connaitre\/#primaryimage"},"thumbnailUrl":"https:\/\/www.lamagnaneriedecamias.com\/wp-content\/uploads\/2025\/12\/IMG_7238-768x1024.jpg","datePublished":"2025-12-04T14:50:46+00:00","dateModified":"2026-04-14T09:57:50+00:00","description":"D\u00e9couvrez l'histoire d'Anne-Charlotte et R\u00e9mi, anciens voyageurs du Pacifique devenus h\u00f4tes passionn\u00e9s au c\u0153ur des C\u00e9vennes depuis 2023.","breadcrumb":{"@id":"https:\/\/www.lamagnaneriedecamias.com\/nous-connaitre\/#breadcrumb"},"inLanguage":"fr-FR","potentialAction":[{"@type":"ReadAction","target":["https:\/\/www.lamagnaneriedecamias.com\/nous-connaitre\/"]}]},{"@type":"ImageObject","inLanguage":"fr-FR","@id":"https:\/\/www.lamagnaneriedecamias.com\/nous-connaitre\/#primaryimage","url":"https:\/\/www.lamagnaneriedecamias.com\/wp-content\/uploads\/2025\/12\/IMG_7238-768x1024.jpg","contentUrl":"https:\/\/www.lamagnaneriedecamias.com\/wp-content\/uploads\/2025\/12\/IMG_7238-768x1024.jpg"},{"@type":"BreadcrumbList","@id":"https:\/\/www.lamagnaneriedecamias.com\/nous-connaitre\/#breadcrumb","itemListElement":[{"@type":"ListItem","position":1,"name":"Accueil","item":"https:\/\/www.lamagnaneriedecamias.com\/"},{"@type":"ListItem","position":2,"name":"Nous conna\u00eetre"}]},{"@type":"WebSite","@id":"https:\/\/www.lamagnaneriedecamias.com\/#website","url":"https:\/\/www.lamagnaneriedecamias.com\/","name":"La Magnanerie de Camias","description":"Maison d&#039;h\u00f4tes et spa bien-\u00eatre","publisher":{"@id":"https:\/\/www.lamagnaneriedecamias.com\/#organization"},"potentialAction":[{"@type":"SearchAction","target":{"@type":"EntryPoint","urlTemplate":"https:\/\/www.lamagnaneriedecamias.com\/?s={search_term_string}"},"query-input":{"@type":"PropertyValueSpecification","valueRequired":true,"valueName":"search_term_string"}}],"inLanguage":"fr-FR"},{"@type":"Organization","@id":"https:\/\/www.lamagnaneriedecamias.com\/#organization","name":"La Magnanerie de Camias","url":"https:\/\/www.lamagnaneriedecamias.com\/","logo":{"@type":"ImageObject","inLanguage":"fr-FR","@id":"https:\/\/www.lamagnaneriedecamias.com\/#\/schema\/logo\/image\/","url":"https:\/\/www.lamagnaneriedecamias.com\/wp-content\/uploads\/2025\/12\/Logo_Magnanerie_de_Camias-removebg-preview.png","contentUrl":"https:\/\/www.lamagnaneriedecamias.com\/wp-content\/uploads\/2025\/12\/Logo_Magnanerie_de_Camias-removebg-preview.png","width":577,"height":433,"caption":"La Magnanerie de Camias"},"image":{"@id":"https:\/\/www.lamagnaneriedecamias.com\/#\/schema\/logo\/image\/"}}]}},"_links":{"self":[{"href":"https:\/\/www.lamagnaneriedecamias.com\/fr_fr\/wp-json\/wp\/v2\/pages\/1335","targetHints":{"allow":["GET"]}}],"collection":[{"href":"https:\/\/www.lamagnaneriedecamias.com\/fr_fr\/wp-json\/wp\/v2\/pages"}],"about":[{"href":"https:\/\/www.lamagnaneriedecamias.com\/fr_fr\/wp-json\/wp\/v2\/types\/page"}],"author":[{"embeddable":true,"href":"https:\/\/www.lamagnaneriedecamias.com\/fr_fr\/wp-json\/wp\/v2\/users\/1"}],"replies":[{"embeddable":true,"href":"https:\/\/www.lamagnaneriedecamias.com\/fr_fr\/wp-json\/wp\/v2\/comments?post=1335"}],"version-history":[{"count":17,"href":"https:\/\/www.lamagnaneriedecamias.com\/fr_fr\/wp-json\/wp\/v2\/pages\/1335\/revisions"}],"predecessor-version":[{"id":1978,"href":"https:\/\/www.lamagnaneriedecamias.com\/fr_fr\/wp-json\/wp\/v2\/pages\/1335\/revisions\/1978"}],"wp:attachment":[{"href":"https:\/\/www.lamagnaneriedecamias.com\/fr_fr\/wp-json\/wp\/v2\/media?parent=1335"}],"curies":[{"name":"wp","href":"https:\/\/api.w.org\/{rel}","templated":true}]}}