{"id":1343,"date":"2025-12-04T14:52:32","date_gmt":"2025-12-04T14:52:32","guid":{"rendered":"https:\/\/www.wwwlamagnaneriedecamias.jeki6719.odns.fr\/?page_id=1343"},"modified":"2026-04-14T09:05:54","modified_gmt":"2026-04-14T09:05:54","slug":"chambre-reves-de-braises","status":"publish","type":"page","link":"https:\/\/www.lamagnaneriedecamias.com\/fr_fr\/chambre-reves-de-braises\/","title":{"rendered":"Chambre R\u00eave de braises"},"content":{"rendered":"\t\t<div data-elementor-type=\"wp-page\" data-elementor-id=\"1343\" class=\"elementor elementor-1343\">\n\t\t\t\t<div class=\"elementor-element elementor-element-f6e23b8 e-con-full e-flex e-con e-parent\" data-id=\"f6e23b8\" data-element_type=\"container\">\n\t\t\t\t<div class=\"elementor-element elementor-element-0e9fa90 elementor-widget__width-initial elementor-widget elementor-widget-heading\" data-id=\"0e9fa90\" data-element_type=\"widget\" data-widget_type=\"heading.default\">\n\t\t\t\t<div class=\"elementor-widget-container\">\n\t\t\t\t\t<h1 class=\"elementor-heading-title elementor-size-default\">Chambre R\u00eave de braises<\/h1>\t\t\t\t<\/div>\n\t\t\t\t<\/div>\n\t\t\t\t<div class=\"elementor-element elementor-element-fe7b9fb elementor-pagination-position-inside elementor-widget__width-auto elementor-arrows-position-inside elementor-widget elementor-widget-image-carousel\" data-id=\"fe7b9fb\" data-element_type=\"widget\" data-settings=\"{&quot;slides_to_show&quot;:&quot;1&quot;,&quot;navigation&quot;:&quot;both&quot;,&quot;autoplay&quot;:&quot;yes&quot;,&quot;pause_on_hover&quot;:&quot;yes&quot;,&quot;pause_on_interaction&quot;:&quot;yes&quot;,&quot;autoplay_speed&quot;:5000,&quot;infinite&quot;:&quot;yes&quot;,&quot;effect&quot;:&quot;slide&quot;,&quot;speed&quot;:500}\" data-widget_type=\"image-carousel.default\">\n\t\t\t\t<div class=\"elementor-widget-container\">\n\t\t\t\t\t\t\t<div class=\"elementor-image-carousel-wrapper swiper\" role=\"region\" aria-roledescription=\"carousel\" aria-label=\"Carrousel d\u2019images\" dir=\"ltr\">\n\t\t\t<div class=\"elementor-image-carousel swiper-wrapper\" aria-live=\"off\">\n\t\t\t\t\t\t\t\t<div class=\"swiper-slide\" role=\"group\" aria-roledescription=\"slide\" aria-label=\"1 sur 6\"><figure class=\"swiper-slide-inner\"><img decoding=\"async\" class=\"swiper-slide-image\" src=\"https:\/\/www.lamagnaneriedecamias.com\/wp-content\/uploads\/2025\/12\/IMG_5043-768x953.jpg\" alt=\"chambre vo\u00fbt\u00e9e r\u00eave de braises magnanerie camias\" \/><\/figure><\/div><div class=\"swiper-slide\" role=\"group\" aria-roledescription=\"slide\" aria-label=\"2 sur 6\"><figure class=\"swiper-slide-inner\"><img decoding=\"async\" class=\"swiper-slide-image\" src=\"https:\/\/www.lamagnaneriedecamias.com\/wp-content\/uploads\/2025\/12\/IMG_5045-768x1024.jpg\" alt=\"chambre vo\u00fbt\u00e9e r\u00eave de braises magnanerie camias\" \/><\/figure><\/div><div class=\"swiper-slide\" role=\"group\" aria-roledescription=\"slide\" aria-label=\"3 sur 6\"><figure class=\"swiper-slide-inner\"><img decoding=\"async\" class=\"swiper-slide-image\" src=\"https:\/\/www.lamagnaneriedecamias.com\/wp-content\/uploads\/2025\/12\/IMG_5021-768x1071.jpg\" alt=\"chambre vo\u00fbt\u00e9e r\u00eave de braises magnanerie camias\" \/><\/figure><\/div><div class=\"swiper-slide\" role=\"group\" aria-roledescription=\"slide\" aria-label=\"4 sur 6\"><figure class=\"swiper-slide-inner\"><img decoding=\"async\" class=\"swiper-slide-image\" src=\"https:\/\/www.lamagnaneriedecamias.com\/wp-content\/uploads\/2025\/12\/IMG_5008-768x1024.jpg\" alt=\"chambre vo\u00fbt\u00e9e r\u00eave de braises magnanerie camias\" \/><\/figure><\/div><div class=\"swiper-slide\" role=\"group\" aria-roledescription=\"slide\" aria-label=\"5 sur 6\"><figure class=\"swiper-slide-inner\"><img decoding=\"async\" class=\"swiper-slide-image\" src=\"https:\/\/www.lamagnaneriedecamias.com\/wp-content\/uploads\/2025\/12\/IMG_5002-768x1024.jpg\" alt=\"chambre vo\u00fbt\u00e9e r\u00eave de braises magnanerie camias\" \/><\/figure><\/div><div class=\"swiper-slide\" role=\"group\" aria-roledescription=\"slide\" aria-label=\"6 sur 6\"><figure class=\"swiper-slide-inner\"><img decoding=\"async\" class=\"swiper-slide-image\" src=\"https:\/\/www.lamagnaneriedecamias.com\/wp-content\/uploads\/2025\/12\/IMG_4996-768x1024.jpg\" alt=\"chambre vo\u00fbt\u00e9e r\u00eave de braises magnanerie camias\" \/><\/figure><\/div>\t\t\t<\/div>\n\t\t\t\t\t\t\t\t\t\t\t\t<div class=\"elementor-swiper-button elementor-swiper-button-prev\" role=\"button\" tabindex=\"0\">\n\t\t\t\t\t\t<i aria-hidden=\"true\" class=\"eicon-chevron-left\"><\/i>\t\t\t\t\t<\/div>\n\t\t\t\t\t<div class=\"elementor-swiper-button elementor-swiper-button-next\" role=\"button\" tabindex=\"0\">\n\t\t\t\t\t\t<i aria-hidden=\"true\" class=\"eicon-chevron-right\"><\/i>\t\t\t\t\t<\/div>\n\t\t\t\t\n\t\t\t\t\t\t\t\t\t<div class=\"swiper-pagination\"><\/div>\n\t\t\t\t\t\t\t\t\t<\/div>\n\t\t\t\t\t\t<\/div>\n\t\t\t\t<\/div>\n\t\t\t\t<div class=\"elementor-element elementor-element-ae9501d elementor-align-center elementor-widget elementor-widget-button\" data-id=\"ae9501d\" data-element_type=\"widget\" data-widget_type=\"button.default\">\n\t\t\t\t<div class=\"elementor-widget-container\">\n\t\t\t\t\t\t\t\t\t<div class=\"elementor-button-wrapper\">\n\t\t\t\t\t<a class=\"elementor-button elementor-button-link elementor-size-sm\" href=\"https:\/\/reservation.elloha.com?IdPublication=a9571245-a140-4765-afea-7c271f0e7287&#038;culture=fr-FR&#038;idoi=8d6f7567-1273-4be3-b176-650d6d8414b5&#038;searchFirstAvailableDates=1\">\n\t\t\t\t\t\t<span class=\"elementor-button-content-wrapper\">\n\t\t\t\t\t\t\t\t\t<span class=\"elementor-button-text\">r\u00e9servez maintenant<\/span>\n\t\t\t\t\t<\/span>\n\t\t\t\t\t<\/a>\n\t\t\t\t<\/div>\n\t\t\t\t\t\t\t\t<\/div>\n\t\t\t\t<\/div>\n\t\t<div class=\"elementor-element elementor-element-caa8fab e-flex e-con-boxed e-con e-child\" data-id=\"caa8fab\" data-element_type=\"container\">\n\t\t\t\t\t<div class=\"e-con-inner\">\n\t\t\t\t<div class=\"elementor-element elementor-element-ee813db elementor-widget elementor-widget-text-editor\" data-id=\"ee813db\" data-element_type=\"widget\" data-widget_type=\"text-editor.default\">\n\t\t\t\t<div class=\"elementor-widget-container\">\n\t\t\t\t\t\t\t\t\t<div class=\"bloc-infos border-bottom\"><div class=\"mb-5\"><strong> Heure d&rsquo;arriv\u00e9e 16h00<\/strong><\/div><div class=\"mb-5\"><strong> Heure de d\u00e9part 11h00<\/strong><\/div><div class=\"mb-5\"><strong> Capacit\u00e9 maximum : 2 personnes<\/strong><\/div><div class=\"mb-5\"><strong> Lit king size<\/strong><\/div><\/div>\t\t\t\t\t\t\t\t<\/div>\n\t\t\t\t<\/div>\n\t\t<div class=\"elementor-element elementor-element-df94f96 e-con-full e-flex e-con e-child\" data-id=\"df94f96\" data-element_type=\"container\">\n\t\t\t\t<div class=\"elementor-element elementor-element-e66244c elementor-widget elementor-widget-text-editor\" data-id=\"e66244c\" data-element_type=\"widget\" data-widget_type=\"text-editor.default\">\n\t\t\t\t<div class=\"elementor-widget-container\">\n\t\t\t\t\t\t\t\t\t<div class=\"text border-bottom\"><p>Cette chambre vo\u00fbt\u00e9e de 22\u202fm\u00b2 allie authenticit\u00e9 et confort moderne : lit king size, chemin\u00e9e, baignoire, peignoirs et chaussons, caf\u00e9\/th\u00e9, TV. Laissez-vous s\u00e9duire par la fra\u00eecheur naturelle en \u00e9t\u00e9 et l&rsquo;atmosph\u00e8re toute en pierre. Un vrai cocon typiquement c\u00e9venol ! \ud83c\udf3f<\/p><p>\u00c9quipements :<\/p><ul><li>Chambre vo\u00fbt\u00e9e de 22 m2 tr\u00e8s confortable.<\/li><li>TV \u00e9cran plat.<\/li><li>Salle de bain ind\u00e9pendante avec baignoire et WC.<\/li><li>Ventilateur.<\/li><li>Portant pour v\u00eatements.<\/li><li>Lit king size en 180&#215;200.<\/li><\/ul><p>\ud83d\udca1 <i>Une belle id\u00e9e de s\u00e9jour ressour\u00e7ant en r\u00e9servant votre repas du soir, cuisin\u00e9 sur place avec des produits locaux et de saison.\u00a0<\/i><\/p><p>Pour des raisons de s\u00e9curit\u00e9 et de confort, notre \u00e9tablissement n&rsquo;est pas adapt\u00e9 pour l&rsquo;accueil des enfants de moins de 12 ans.\u00a0<\/p><p>Animaux non-admis.<\/p><\/div>\t\t\t\t\t\t\t\t<\/div>\n\t\t\t\t<\/div>\n\t\t<div class=\"elementor-element elementor-element-2f7f9a8 e-con-full e-flex e-con e-child\" data-id=\"2f7f9a8\" data-element_type=\"container\">\n\t\t\t\t<div class=\"elementor-element elementor-element-9a1de9b elementor-widget elementor-widget-heading\" data-id=\"9a1de9b\" data-element_type=\"widget\" data-widget_type=\"heading.default\">\n\t\t\t\t<div class=\"elementor-widget-container\">\n\t\t\t\t\t<h3 class=\"elementor-heading-title elementor-size-default\">Nos services, votre confort<\/h3>\t\t\t\t<\/div>\n\t\t\t\t<\/div>\n\t\t<div class=\"elementor-element elementor-element-cae51d4 e-con-full e-flex e-con e-child\" data-id=\"cae51d4\" data-element_type=\"container\">\n\t\t\t\t<div class=\"elementor-element elementor-element-b805315 elementor-widget elementor-widget-text-editor\" data-id=\"b805315\" data-element_type=\"widget\" data-widget_type=\"text-editor.default\">\n\t\t\t\t<div class=\"elementor-widget-container\">\n\t\t\t\t\t\t\t\t\t<ul><li class=\"mb-5\"><i class=\"las la-check-circle i-left\"><\/i>Baignoire<\/li><li class=\"mb-5\"><i class=\"las la-check-circle i-left\"><\/i>Chambres non fumeur<\/li><li class=\"mb-5\"><i class=\"las la-check-circle i-left\"><\/i>Chemin\u00e9e<\/li><li class=\"mb-5\"><i class=\"las la-check-circle i-left\"><\/i>Draps et linges compris<\/li><li class=\"mb-5\"><i class=\"las la-check-circle i-left\"><\/i>Peignoirs et chaussons<\/li><li class=\"mb-5\"><i class=\"las la-check-circle i-left\"><\/i>Plateau de courtoisie<\/li><li class=\"mb-5\"><i class=\"las la-check-circle i-left\"><\/i>Produits de bains<\/li><li class=\"mb-5\"><i class=\"las la-check-circle i-left\"><\/i>S\u00e8che cheveux<\/li><li class=\"mb-5\"><i class=\"las la-check-circle i-left\"><\/i>S\u00e8che serviettes<\/li><li class=\"mb-5\"><i class=\"las la-check-circle i-left\"><\/i>T\u00e9l\u00e9vision<\/li><li class=\"mb-5\"><i class=\"las la-check-circle i-left\"><\/i>Wifi gratuit<\/li><\/ul>\t\t\t\t\t\t\t\t<\/div>\n\t\t\t\t<\/div>\n\t\t\t\t<\/div>\n\t\t\t\t<\/div>\n\t\t\t\t<\/div>\n\t\t\t\t\t<\/div>\n\t\t\t\t<\/div>\n\t\t\t\t<\/div>\n\t\t<div class=\"elementor-element elementor-element-07c699c e-con-full e-flex e-con e-parent\" data-id=\"07c699c\" data-element_type=\"container\">\n\t\t\t\t<div class=\"elementor-element elementor-element-d722a5f elementor-align-justify elementor-widget elementor-widget-button\" data-id=\"d722a5f\" data-element_type=\"widget\" data-widget_type=\"button.default\">\n\t\t\t\t<div class=\"elementor-widget-container\">\n\t\t\t\t\t\t\t\t\t<div class=\"elementor-button-wrapper\">\n\t\t\t\t\t<a class=\"elementor-button elementor-button-link elementor-size-sm\" href=\"https:\/\/reservation.elloha.com?IdPublication=a9571245-a140-4765-afea-7c271f0e7287&#038;culture=fr-FR&#038;idoi=8d6f7567-1273-4be3-b176-650d6d8414b5&#038;searchFirstAvailableDates=1\">\n\t\t\t\t\t\t<span class=\"elementor-button-content-wrapper\">\n\t\t\t\t\t\t\t\t\t<span class=\"elementor-button-text\">R\u00e9servez votre s\u00e9jour<\/span>\n\t\t\t\t\t<\/span>\n\t\t\t\t\t<\/a>\n\t\t\t\t<\/div>\n\t\t\t\t\t\t\t\t<\/div>\n\t\t\t\t<\/div>\n\t\t\t\t<div class=\"elementor-element elementor-element-9b51209 elementor-widget elementor-widget-text-editor\" data-id=\"9b51209\" data-element_type=\"widget\" data-widget_type=\"text-editor.default\">\n\t\t\t\t<div class=\"elementor-widget-container\">\n\t\t\t\t\t\t\t\t\t<p data-start=\"1845\" data-end=\"2139\">La chambre <strong data-start=\"1856\" data-end=\"1875\">R\u00eave de Braises<\/strong> invite \u00e0 vivre un s\u00e9jour dans un d\u00e9cor authentique. Inspir\u00e9e par les couleurs profondes et les ambiances feutr\u00e9es, cette chambre d\u2019h\u00f4tes de charme propose une atmosph\u00e8re enveloppante, id\u00e9ale pour une escapade romantique dans les C\u00e9vennes.<\/p><p data-start=\"2141\" data-end=\"2523\">La d\u00e9coration joue sur des teintes chaleureuses et des mati\u00e8res naturelles qui rappellent l\u2019esprit c\u00e9venol. Chaque d\u00e9tail a \u00e9t\u00e9 pens\u00e9 pour cr\u00e9er un espace confortable et accueillant o\u00f9 l\u2019on se sent imm\u00e9diatement bien. La literie soigneusement choisie promet des nuits reposantes, tandis que la douceur de l\u2019ambiance invite \u00e0 ralentir et \u00e0 savourer le calme du lieu.<\/p><p data-start=\"2525\" data-end=\"2833\">Situ\u00e9e au sein de la Magnanerie de Camias, la chambre R\u00eave de Braises permet de profiter pleinement de la tranquillit\u00e9 d\u2019une <strong data-start=\"2650\" data-end=\"2699\">maison d\u2019h\u00f4tes nich\u00e9e dans la nature c\u00e9venole<\/strong>. Apr\u00e8s une journ\u00e9e de balade, de randonn\u00e9e ou de d\u00e9couverte des villages alentours, il est agr\u00e9able de retrouver ce cocon chaleureux.<\/p><p data-start=\"2835\" data-end=\"3078\">Vous pourrez \u00e9galement prolonger votre moment de d\u00e9tente en r\u00e9servant une s\u00e9ance dans l\u2019<strong data-start=\"2928\" data-end=\"2952\">espace spa bien-\u00eatre<\/strong> ou en partageant un d\u00eener convivial \u00e0 la <strong data-start=\"2994\" data-end=\"3011\">table d\u2019h\u00f4tes<\/strong>, o\u00f9 les produits locaux et les saveurs de saison sont \u00e0 l\u2019honneur.<\/p><p data-start=\"3080\" data-end=\"3268\">S\u00e9journer dans la chambre R\u00eave de Braises, c\u2019est choisir une <strong data-start=\"3141\" data-end=\"3188\">chambre d\u2019h\u00f4tes dans les C\u00e9vennes<\/strong>, id\u00e9ale pour une parenth\u00e8se douce et inspirante au c\u0153ur d\u2019une nature pr\u00e9serv\u00e9e.<\/p>\t\t\t\t\t\t\t\t<\/div>\n\t\t\t\t<\/div>\n\t\t\t\t<div class=\"elementor-element elementor-element-b901e5f elementor-align-center elementor-widget elementor-widget-button\" data-id=\"b901e5f\" data-element_type=\"widget\" data-widget_type=\"button.default\">\n\t\t\t\t<div class=\"elementor-widget-container\">\n\t\t\t\t\t\t\t\t\t<div class=\"elementor-button-wrapper\">\n\t\t\t\t\t<a class=\"elementor-button elementor-button-link elementor-size-sm\" href=\"https:\/\/www.lamagnaneriedecamias.com\/pour-le-diner\/\">\n\t\t\t\t\t\t<span class=\"elementor-button-content-wrapper\">\n\t\t\t\t\t\t\t\t\t<span class=\"elementor-button-text\">notre table d'h\u00f4tes<\/span>\n\t\t\t\t\t<\/span>\n\t\t\t\t\t<\/a>\n\t\t\t\t<\/div>\n\t\t\t\t\t\t\t\t<\/div>\n\t\t\t\t<\/div>\n\t\t\t\t<div class=\"elementor-element elementor-element-68f217b elementor-align-center elementor-widget elementor-widget-button\" data-id=\"68f217b\" data-element_type=\"widget\" data-widget_type=\"button.default\">\n\t\t\t\t<div class=\"elementor-widget-container\">\n\t\t\t\t\t\t\t\t\t<div class=\"elementor-button-wrapper\">\n\t\t\t\t\t<a class=\"elementor-button elementor-button-link elementor-size-sm\" href=\"https:\/\/www.lamagnaneriedecamias.com\/le-spa-bien-etre\/\">\n\t\t\t\t\t\t<span class=\"elementor-button-content-wrapper\">\n\t\t\t\t\t\t\t\t\t<span class=\"elementor-button-text\">d\u00e9couvrez notre spa bien-\u00eatre<\/span>\n\t\t\t\t\t<\/span>\n\t\t\t\t\t<\/a>\n\t\t\t\t<\/div>\n\t\t\t\t\t\t\t\t<\/div>\n\t\t\t\t<\/div>\n\t\t\t\t<\/div>\n\t\t\t\t<\/div>\n\t\t\n    <div class=\"xs_social_share_widget xs_share_url after_content \t\tmain_content  wslu-style-1 wslu-share-box-shaped wslu-fill-colored wslu-none wslu-share-horizontal wslu-theme-font-no wslu-main_content\">\n\n\t\t\n        <ul>\n\t\t\t        <\/ul>\n    <\/div> \n","protected":false},"excerpt":{"rendered":"<p>Chambre R\u00eave de braises r\u00e9servez maintenant Heure d&rsquo;arriv\u00e9e 16h00 Heure de d\u00e9part 11h00 Capacit\u00e9 maximum : 2 personnes Lit king size Cette chambre vo\u00fbt\u00e9e de 22\u202fm\u00b2 allie authenticit\u00e9 et confort moderne : lit king size, chemin\u00e9e, baignoire, peignoirs et chaussons, caf\u00e9\/th\u00e9, TV. Laissez-vous s\u00e9duire par la fra\u00eecheur naturelle en \u00e9t\u00e9 et l&rsquo;atmosph\u00e8re toute en pierre. [&hellip;]<\/p>\n","protected":false},"author":1,"featured_media":0,"parent":0,"menu_order":0,"comment_status":"closed","ping_status":"closed","template":"","meta":{"site-sidebar-layout":"no-sidebar","site-content-layout":"page-builder","ast-site-content-layout":"full-width-container","site-content-style":"default","site-sidebar-style":"default","ast-global-header-display":"","ast-banner-title-visibility":"disabled","ast-main-header-display":"","ast-hfb-above-header-display":"","ast-hfb-below-header-display":"","ast-hfb-mobile-header-display":"","site-post-title":"","ast-breadcrumbs-content":"","ast-featured-img":"disabled","footer-sml-layout":"","theme-transparent-header-meta":"","adv-header-id-meta":"","stick-header-meta":"","header-above-stick-meta":"","header-main-stick-meta":"","header-below-stick-meta":"","astra-migrate-meta-layouts":"set","ast-page-background-enabled":"default","ast-page-background-meta":{"desktop":{"background-color":"","background-image":"","background-repeat":"repeat","background-position":"center center","background-size":"auto","background-attachment":"scroll","background-type":"","background-media":"","overlay-type":"","overlay-color":"","overlay-opacity":"","overlay-gradient":""},"tablet":{"background-color":"","background-image":"","background-repeat":"repeat","background-position":"center center","background-size":"auto","background-attachment":"scroll","background-type":"","background-media":"","overlay-type":"","overlay-color":"","overlay-opacity":"","overlay-gradient":""},"mobile":{"background-color":"","background-image":"","background-repeat":"repeat","background-position":"center center","background-size":"auto","background-attachment":"scroll","background-type":"","background-media":"","overlay-type":"","overlay-color":"","overlay-opacity":"","overlay-gradient":""}},"ast-content-background-meta":{"desktop":{"background-color":"var(--ast-global-color-5)","background-image":"","background-repeat":"repeat","background-position":"center center","background-size":"auto","background-attachment":"scroll","background-type":"","background-media":"","overlay-type":"","overlay-color":"","overlay-opacity":"","overlay-gradient":""},"tablet":{"background-color":"var(--ast-global-color-5)","background-image":"","background-repeat":"repeat","background-position":"center center","background-size":"auto","background-attachment":"scroll","background-type":"","background-media":"","overlay-type":"","overlay-color":"","overlay-opacity":"","overlay-gradient":""},"mobile":{"background-color":"var(--ast-global-color-5)","background-image":"","background-repeat":"repeat","background-position":"center center","background-size":"auto","background-attachment":"scroll","background-type":"","background-media":"","overlay-type":"","overlay-color":"","overlay-opacity":"","overlay-gradient":""}},"footnotes":""},"class_list":["post-1343","page","type-page","status-publish","hentry"],"yoast_head":"<!-- This site is optimized with the Yoast SEO plugin v26.4 - https:\/\/yoast.com\/wordpress\/plugins\/seo\/ -->\n<title>R\u00eave de Braises \u2013 Chambre vo\u00fbt\u00e9e - La Magnanerie Camias<\/title>\n<meta name=\"description\" content=\"Chambre vo\u00fbt\u00e9e au caract\u00e8re unique dans notre maison d&#039;h\u00f4tes du Gard. Lit king size et atmosph\u00e8re chaleureuse. \u00c0 partir de 130\u20ac\/nuit.\" \/>\n<meta name=\"robots\" content=\"index, follow, max-snippet:-1, max-image-preview:large, max-video-preview:-1\" \/>\n<link rel=\"canonical\" href=\"https:\/\/www.lamagnaneriedecamias.com\/fr_fr\/chambre-reves-de-braises\/\" \/>\n<meta property=\"og:locale\" content=\"fr_FR\" \/>\n<meta property=\"og:type\" content=\"article\" \/>\n<meta property=\"og:title\" content=\"R\u00eave de Braises \u2013 Chambre vo\u00fbt\u00e9e - La Magnanerie Camias\" \/>\n<meta property=\"og:description\" content=\"Chambre vo\u00fbt\u00e9e au caract\u00e8re unique dans notre maison d&#039;h\u00f4tes du Gard. Lit king size et atmosph\u00e8re chaleureuse. \u00c0 partir de 130\u20ac\/nuit.\" \/>\n<meta property=\"og:url\" content=\"https:\/\/www.lamagnaneriedecamias.com\/fr_fr\/chambre-reves-de-braises\/\" \/>\n<meta property=\"article:modified_time\" content=\"2026-04-14T09:05:54+00:00\" \/>\n<meta property=\"og:image\" content=\"https:\/\/www.lamagnaneriedecamias.com\/wp-content\/uploads\/2025\/12\/IMG_5043-768x953.jpg\" \/>\n<meta name=\"twitter:card\" content=\"summary_large_image\" \/>\n<meta name=\"twitter:label1\" content=\"Dur\u00e9e de lecture estim\u00e9e\" \/>\n\t<meta name=\"twitter:data1\" content=\"4 minutes\" \/>\n<script type=\"application\/ld+json\" class=\"yoast-schema-graph\">{\"@context\":\"https:\/\/schema.org\",\"@graph\":[{\"@type\":\"WebPage\",\"@id\":\"https:\/\/www.lamagnaneriedecamias.com\/chambre-reves-de-braises\/\",\"url\":\"https:\/\/www.lamagnaneriedecamias.com\/chambre-reves-de-braises\/\",\"name\":\"R\u00eave de Braises \u2013 Chambre vo\u00fbt\u00e9e - La Magnanerie Camias\",\"isPartOf\":{\"@id\":\"https:\/\/www.lamagnaneriedecamias.com\/#website\"},\"primaryImageOfPage\":{\"@id\":\"https:\/\/www.lamagnaneriedecamias.com\/chambre-reves-de-braises\/#primaryimage\"},\"image\":{\"@id\":\"https:\/\/www.lamagnaneriedecamias.com\/chambre-reves-de-braises\/#primaryimage\"},\"thumbnailUrl\":\"https:\/\/www.lamagnaneriedecamias.com\/wp-content\/uploads\/2025\/12\/IMG_5043-768x953.jpg\",\"datePublished\":\"2025-12-04T14:52:32+00:00\",\"dateModified\":\"2026-04-14T09:05:54+00:00\",\"description\":\"Chambre vo\u00fbt\u00e9e au caract\u00e8re unique dans notre maison d'h\u00f4tes du Gard. Lit king size et atmosph\u00e8re chaleureuse. \u00c0 partir de 130\u20ac\/nuit.\",\"breadcrumb\":{\"@id\":\"https:\/\/www.lamagnaneriedecamias.com\/chambre-reves-de-braises\/#breadcrumb\"},\"inLanguage\":\"fr-FR\",\"potentialAction\":[{\"@type\":\"ReadAction\",\"target\":[\"https:\/\/www.lamagnaneriedecamias.com\/chambre-reves-de-braises\/\"]}]},{\"@type\":\"ImageObject\",\"inLanguage\":\"fr-FR\",\"@id\":\"https:\/\/www.lamagnaneriedecamias.com\/chambre-reves-de-braises\/#primaryimage\",\"url\":\"https:\/\/www.lamagnaneriedecamias.com\/wp-content\/uploads\/2025\/12\/IMG_5043-768x953.jpg\",\"contentUrl\":\"https:\/\/www.lamagnaneriedecamias.com\/wp-content\/uploads\/2025\/12\/IMG_5043-768x953.jpg\"},{\"@type\":\"BreadcrumbList\",\"@id\":\"https:\/\/www.lamagnaneriedecamias.com\/chambre-reves-de-braises\/#breadcrumb\",\"itemListElement\":[{\"@type\":\"ListItem\",\"position\":1,\"name\":\"Accueil\",\"item\":\"https:\/\/www.lamagnaneriedecamias.com\/\"},{\"@type\":\"ListItem\",\"position\":2,\"name\":\"Chambre R\u00eave de braises\"}]},{\"@type\":\"WebSite\",\"@id\":\"https:\/\/www.lamagnaneriedecamias.com\/#website\",\"url\":\"https:\/\/www.lamagnaneriedecamias.com\/\",\"name\":\"La Magnanerie de Camias\",\"description\":\"Maison d&#039;h\u00f4tes et spa bien-\u00eatre\",\"publisher\":{\"@id\":\"https:\/\/www.lamagnaneriedecamias.com\/#organization\"},\"potentialAction\":[{\"@type\":\"SearchAction\",\"target\":{\"@type\":\"EntryPoint\",\"urlTemplate\":\"https:\/\/www.lamagnaneriedecamias.com\/?s={search_term_string}\"},\"query-input\":{\"@type\":\"PropertyValueSpecification\",\"valueRequired\":true,\"valueName\":\"search_term_string\"}}],\"inLanguage\":\"fr-FR\"},{\"@type\":\"Organization\",\"@id\":\"https:\/\/www.lamagnaneriedecamias.com\/#organization\",\"name\":\"La Magnanerie de Camias\",\"url\":\"https:\/\/www.lamagnaneriedecamias.com\/\",\"logo\":{\"@type\":\"ImageObject\",\"inLanguage\":\"fr-FR\",\"@id\":\"https:\/\/www.lamagnaneriedecamias.com\/#\/schema\/logo\/image\/\",\"url\":\"https:\/\/www.lamagnaneriedecamias.com\/wp-content\/uploads\/2025\/12\/Logo_Magnanerie_de_Camias-removebg-preview.png\",\"contentUrl\":\"https:\/\/www.lamagnaneriedecamias.com\/wp-content\/uploads\/2025\/12\/Logo_Magnanerie_de_Camias-removebg-preview.png\",\"width\":577,\"height\":433,\"caption\":\"La Magnanerie de Camias\"},\"image\":{\"@id\":\"https:\/\/www.lamagnaneriedecamias.com\/#\/schema\/logo\/image\/\"}}]}<\/script>\n<!-- \/ Yoast SEO plugin. -->","yoast_head_json":{"title":"R\u00eave de Braises \u2013 Chambre vo\u00fbt\u00e9e - La Magnanerie Camias","description":"Chambre vo\u00fbt\u00e9e au caract\u00e8re unique dans notre maison d'h\u00f4tes du Gard. Lit king size et atmosph\u00e8re chaleureuse. \u00c0 partir de 130\u20ac\/nuit.","robots":{"index":"index","follow":"follow","max-snippet":"max-snippet:-1","max-image-preview":"max-image-preview:large","max-video-preview":"max-video-preview:-1"},"canonical":"https:\/\/www.lamagnaneriedecamias.com\/fr_fr\/chambre-reves-de-braises\/","og_locale":"fr_FR","og_type":"article","og_title":"R\u00eave de Braises \u2013 Chambre vo\u00fbt\u00e9e - La Magnanerie Camias","og_description":"Chambre vo\u00fbt\u00e9e au caract\u00e8re unique dans notre maison d'h\u00f4tes du Gard. Lit king size et atmosph\u00e8re chaleureuse. \u00c0 partir de 130\u20ac\/nuit.","og_url":"https:\/\/www.lamagnaneriedecamias.com\/fr_fr\/chambre-reves-de-braises\/","article_modified_time":"2026-04-14T09:05:54+00:00","og_image":[{"url":"https:\/\/www.lamagnaneriedecamias.com\/wp-content\/uploads\/2025\/12\/IMG_5043-768x953.jpg","type":"","width":"","height":""}],"twitter_card":"summary_large_image","twitter_misc":{"Dur\u00e9e de lecture estim\u00e9e":"4 minutes"},"schema":{"@context":"https:\/\/schema.org","@graph":[{"@type":"WebPage","@id":"https:\/\/www.lamagnaneriedecamias.com\/chambre-reves-de-braises\/","url":"https:\/\/www.lamagnaneriedecamias.com\/chambre-reves-de-braises\/","name":"R\u00eave de Braises \u2013 Chambre vo\u00fbt\u00e9e - La Magnanerie Camias","isPartOf":{"@id":"https:\/\/www.lamagnaneriedecamias.com\/#website"},"primaryImageOfPage":{"@id":"https:\/\/www.lamagnaneriedecamias.com\/chambre-reves-de-braises\/#primaryimage"},"image":{"@id":"https:\/\/www.lamagnaneriedecamias.com\/chambre-reves-de-braises\/#primaryimage"},"thumbnailUrl":"https:\/\/www.lamagnaneriedecamias.com\/wp-content\/uploads\/2025\/12\/IMG_5043-768x953.jpg","datePublished":"2025-12-04T14:52:32+00:00","dateModified":"2026-04-14T09:05:54+00:00","description":"Chambre vo\u00fbt\u00e9e au caract\u00e8re unique dans notre maison d'h\u00f4tes du Gard. Lit king size et atmosph\u00e8re chaleureuse. \u00c0 partir de 130\u20ac\/nuit.","breadcrumb":{"@id":"https:\/\/www.lamagnaneriedecamias.com\/chambre-reves-de-braises\/#breadcrumb"},"inLanguage":"fr-FR","potentialAction":[{"@type":"ReadAction","target":["https:\/\/www.lamagnaneriedecamias.com\/chambre-reves-de-braises\/"]}]},{"@type":"ImageObject","inLanguage":"fr-FR","@id":"https:\/\/www.lamagnaneriedecamias.com\/chambre-reves-de-braises\/#primaryimage","url":"https:\/\/www.lamagnaneriedecamias.com\/wp-content\/uploads\/2025\/12\/IMG_5043-768x953.jpg","contentUrl":"https:\/\/www.lamagnaneriedecamias.com\/wp-content\/uploads\/2025\/12\/IMG_5043-768x953.jpg"},{"@type":"BreadcrumbList","@id":"https:\/\/www.lamagnaneriedecamias.com\/chambre-reves-de-braises\/#breadcrumb","itemListElement":[{"@type":"ListItem","position":1,"name":"Accueil","item":"https:\/\/www.lamagnaneriedecamias.com\/"},{"@type":"ListItem","position":2,"name":"Chambre R\u00eave de braises"}]},{"@type":"WebSite","@id":"https:\/\/www.lamagnaneriedecamias.com\/#website","url":"https:\/\/www.lamagnaneriedecamias.com\/","name":"La Magnanerie de Camias","description":"Maison d&#039;h\u00f4tes et spa bien-\u00eatre","publisher":{"@id":"https:\/\/www.lamagnaneriedecamias.com\/#organization"},"potentialAction":[{"@type":"SearchAction","target":{"@type":"EntryPoint","urlTemplate":"https:\/\/www.lamagnaneriedecamias.com\/?s={search_term_string}"},"query-input":{"@type":"PropertyValueSpecification","valueRequired":true,"valueName":"search_term_string"}}],"inLanguage":"fr-FR"},{"@type":"Organization","@id":"https:\/\/www.lamagnaneriedecamias.com\/#organization","name":"La Magnanerie de Camias","url":"https:\/\/www.lamagnaneriedecamias.com\/","logo":{"@type":"ImageObject","inLanguage":"fr-FR","@id":"https:\/\/www.lamagnaneriedecamias.com\/#\/schema\/logo\/image\/","url":"https:\/\/www.lamagnaneriedecamias.com\/wp-content\/uploads\/2025\/12\/Logo_Magnanerie_de_Camias-removebg-preview.png","contentUrl":"https:\/\/www.lamagnaneriedecamias.com\/wp-content\/uploads\/2025\/12\/Logo_Magnanerie_de_Camias-removebg-preview.png","width":577,"height":433,"caption":"La Magnanerie de Camias"},"image":{"@id":"https:\/\/www.lamagnaneriedecamias.com\/#\/schema\/logo\/image\/"}}]}},"_links":{"self":[{"href":"https:\/\/www.lamagnaneriedecamias.com\/fr_fr\/wp-json\/wp\/v2\/pages\/1343","targetHints":{"allow":["GET"]}}],"collection":[{"href":"https:\/\/www.lamagnaneriedecamias.com\/fr_fr\/wp-json\/wp\/v2\/pages"}],"about":[{"href":"https:\/\/www.lamagnaneriedecamias.com\/fr_fr\/wp-json\/wp\/v2\/types\/page"}],"author":[{"embeddable":true,"href":"https:\/\/www.lamagnaneriedecamias.com\/fr_fr\/wp-json\/wp\/v2\/users\/1"}],"replies":[{"embeddable":true,"href":"https:\/\/www.lamagnaneriedecamias.com\/fr_fr\/wp-json\/wp\/v2\/comments?post=1343"}],"version-history":[{"count":31,"href":"https:\/\/www.lamagnaneriedecamias.com\/fr_fr\/wp-json\/wp\/v2\/pages\/1343\/revisions"}],"predecessor-version":[{"id":1899,"href":"https:\/\/www.lamagnaneriedecamias.com\/fr_fr\/wp-json\/wp\/v2\/pages\/1343\/revisions\/1899"}],"wp:attachment":[{"href":"https:\/\/www.lamagnaneriedecamias.com\/fr_fr\/wp-json\/wp\/v2\/media?parent=1343"}],"curies":[{"name":"wp","href":"https:\/\/api.w.org\/{rel}","templated":true}]}}